{"id":30,"date":"2025-10-06T12:14:47","date_gmt":"2025-10-06T10:14:47","guid":{"rendered":"https:\/\/enseigner.unil.ch\/blog-dl\/?page_id=30"},"modified":"2025-10-30T14:40:45","modified_gmt":"2025-10-30T13:40:45","slug":"a-propos","status":"publish","type":"page","link":"https:\/\/enseigner.unil.ch\/blog-dl\/a-propos\/","title":{"rendered":"\u00c0 propos"},"content":{"rendered":"\n<h3 class=\"wp-block-heading\">Une fen\u00eatre sur les pratiques num\u00e9riques dans l&rsquo;enseignement sup\u00e9rieur<\/h3>\n\n\n\n<p>Le blog <em>Digital Learning<\/em> explore les usages, les tendances et les r\u00e9flexions autour du num\u00e9rique dans l\u2019enseignement universitaire en g\u00e9n\u00e9ral. Il a pour objectif d&rsquo;offrir un espace d\u2019information et de r\u00e9flexion sur la mani\u00e8re dont les technologies transforment les pratiques p\u00e9dagogiques, les modes d\u2019apprentissage et, plus largement, la gouvernance du num\u00e9rique dans les universit\u00e9s.<\/p>\n\n\n\n<p>\u00c0 travers des retours d\u2019exp\u00e9rience, des actualit\u00e9s et des analyses, le blog propose un regard curieux et critique sur les \u00e9volutions du num\u00e9rique pour l\u2019enseignement et l\u2019apprentissage.<\/p>\n\n\n\n<h3 class=\"wp-block-heading\">Pour qui ?<\/h3>\n\n\n\n<p>Le blog s\u2019adresse principalement :<\/p>\n\n\n\n<ul class=\"wp-block-list\">\n<li>aux enseignant\u00b7es du sup\u00e9rieur qui souhaitent nourrir leur r\u00e9flexion sur l\u2019int\u00e9gration du num\u00e9rique dans leurs cours ;<\/li>\n\n\n\n<li>aux services et instances universitaires impliqu\u00e9s dans les orientations strat\u00e9giques du num\u00e9rique ;<\/li>\n\n\n\n<li>aux conseiller\u00b7\u00e8res et ing\u00e9nieur\u00b7es p\u00e9dagogiques qui accompagnent les enseignant\u00b7es dans leurs d\u00e9marches.<\/li>\n<\/ul>\n\n\n\n<p>Propos\u00e9 par Jeff Van de Po\u00ebl, adjoint digital learning au Centre de soutien \u00e0 l\u2019enseignement de l&rsquo;Unil (CSE), ce blog est un espace de veille et de partage. Les articles privil\u00e9gient un ton neutre et informatif, avec pour intention de partager des analyses et des points de rep\u00e8re, plut\u00f4t que de formuler des directives ou des recommandations.<\/p>\n\n\n\n<p><\/p>\n","protected":false},"excerpt":{"rendered":"<p>Une fen\u00eatre sur les pratiques num\u00e9riques dans l&rsquo;enseignement sup\u00e9rieur Le blog Digital Learning explore les usages, les tendances et les r\u00e9flexions autour du num\u00e9rique dans l\u2019enseignement universitaire en g\u00e9n\u00e9ral. Il a pour objectif d&rsquo;offrir un espace d\u2019information et de r\u00e9flexion sur la mani\u00e8re dont les technologies transforment les pratiques p\u00e9dagogiques, les modes d\u2019apprentissage et, plus [&hellip;]<\/p>\n","protected":false},"author":1,"featured_media":0,"parent":0,"menu_order":0,"comment_status":"closed","ping_status":"closed","template":"wp-custom-template-unil-pages","meta":{"_uag_custom_page_level_css":"","advgb_blocks_editor_width":"","advgb_blocks_columns_visual_guide":"","footnotes":""},"class_list":["post-30","page","type-page","status-publish","hentry"],"uagb_featured_image_src":{"full":false,"thumbnail":false,"medium":false,"medium_large":false,"large":false,"1536x1536":false,"2048x2048":false},"uagb_author_info":{"display_name":"blog-dl","author_link":"https:\/\/enseigner.unil.ch\/blog-dl\/author\/blog-dl\/"},"uagb_comment_info":0,"uagb_excerpt":"Une fen\u00eatre sur les pratiques num\u00e9riques dans l&rsquo;enseignement sup\u00e9rieur Le blog Digital Learning explore les usages, les tendances et les r\u00e9flexions autour du num\u00e9rique dans l\u2019enseignement universitaire en g\u00e9n\u00e9ral. Il a pour objectif d&rsquo;offrir un espace d\u2019information et de r\u00e9flexion sur la mani\u00e8re dont les technologies transforment les pratiques p\u00e9dagogiques, les modes d\u2019apprentissage et, plus\u2026","coauthors":[],"author_meta":{"author_link":"https:\/\/enseigner.unil.ch\/blog-dl\/author\/blog-dl\/","display_name":"blog-dl"},"relative_dates":{"created":"Publi\u00e9 7 mois il y a","modified":"Mis \u00e0 jour 6 mois il y a"},"absolute_dates":{"created":"Publi\u00e9 le 6 octobre 2025","modified":"Mise \u00e0 jour le 30 octobre 2025"},"absolute_dates_time":{"created":"Publi\u00e9 le 6 octobre 2025 12h14","modified":"Mise \u00e0 jour le 30 octobre 2025 14h40"},"featured_img_caption":"","featured_img":false,"series_order":"","_links":{"self":[{"href":"https:\/\/enseigner.unil.ch\/blog-dl\/wp-json\/wp\/v2\/pages\/30","targetHints":{"allow":["GET"]}}],"collection":[{"href":"https:\/\/enseigner.unil.ch\/blog-dl\/wp-json\/wp\/v2\/pages"}],"about":[{"href":"https:\/\/enseigner.unil.ch\/blog-dl\/wp-json\/wp\/v2\/types\/page"}],"author":[{"embeddable":true,"href":"https:\/\/enseigner.unil.ch\/blog-dl\/wp-json\/wp\/v2\/users\/1"}],"replies":[{"embeddable":true,"href":"https:\/\/enseigner.unil.ch\/blog-dl\/wp-json\/wp\/v2\/comments?post=30"}],"version-history":[{"count":17,"href":"https:\/\/enseigner.unil.ch\/blog-dl\/wp-json\/wp\/v2\/pages\/30\/revisions"}],"predecessor-version":[{"id":420,"href":"https:\/\/enseigner.unil.ch\/blog-dl\/wp-json\/wp\/v2\/pages\/30\/revisions\/420"}],"wp:attachment":[{"href":"https:\/\/enseigner.unil.ch\/blog-dl\/wp-json\/wp\/v2\/media?parent=30"}],"curies":[{"name":"wp","href":"https:\/\/api.w.org\/{rel}","templated":true}]}}