{"id":11462,"date":"2025-12-01T10:51:39","date_gmt":"2025-12-01T09:51:39","guid":{"rendered":"https:\/\/enseigner.unil.ch\/ressources\/?post_type=cptdocument&#038;p=11462"},"modified":"2025-12-01T10:58:59","modified_gmt":"2025-12-01T09:58:59","slug":"inclusion-et-enseignement-superieur","status":"publish","type":"cptdocument","link":"https:\/\/enseigner.unil.ch\/ressources\/document\/inclusion-et-enseignement-superieur\/","title":{"rendered":"Inclusion et enseignement sup\u00e9rieur"},"content":{"rendered":"\n<p>Cette playlist explore la place de l\u2019inclusion dans l\u2019enseignement sup\u00e9rieur et ses impacts sur les pratiques p\u00e9dagogiques et les environnements d\u2019apprentissage, \u00e0 travers des perspectives vari\u00e9es et des retours d\u2019exp\u00e9rience d\u2019enseignant\u00b7es et d\u2019expert\u00b7es. Elle s\u2019adresse \u00e0 celles et ceux qui souhaitent mieux comprendre comment favoriser la r\u00e9ussite de toutes et tous.<\/p>\n\n\n\t\t\t<div \n\t\t\tclass=\"yotu-playlist yotuwp yotu-limit-min yotu-limit-max   yotu-thumb-169  yotu-template-grid\" \n\t\t\tdata-page=\"1\"\n\t\t\tid=\"yotuwp-69f26047719fa\"\n\t\t\tdata-yotu=\"modal\"\n\t\t\tdata-total=\"1\"\n\t\t\tdata-settings=\"eyJ0eXBlIjoicGxheWxpc3QiLCJpZCI6IlBMTW44TXZWc1g2TFBJbW5pckYzcktWb3hjbE9sZ19YdFYiLCJwYWdpbmF0aW9uIjoib24iLCJwYWdpdHlwZSI6ImxvYWRtb3JlIiwiY29sdW1uIjoiMyIsInBlcl9wYWdlIjoiMjQiLCJ0ZW1wbGF0ZSI6ImdyaWQiLCJ0aXRsZSI6Im9uIiwiZGVzY3JpcHRpb24iOiJvZmYiLCJ0aHVtYnJhdGlvIjoiMTY5IiwibWV0YSI6Im9mZiIsIm1ldGFfZGF0YSI6Im9mZiIsIm1ldGFfcG9zaXRpb24iOiJvZmYiLCJkYXRlX2Zvcm1hdCI6Im9mZiIsIm1ldGFfYWxpZ24iOiJvZmYiLCJzdWJzY3JpYmUiOiJvZmYiLCJkdXJhdGlvbiI6Im9mZiIsIm1ldGFfaWNvbiI6Im9mZiIsIm5leHR0ZXh0IjoiIiwicHJldnRleHQiOiIiLCJsb2FkbW9yZXRleHQiOiIiLCJwbGF5ZXIiOnsibW9kZSI6InBvcHVwIiwid2lkdGgiOiI2MDAiLCJzY3JvbGxpbmciOiIxMDAiLCJhdXRvcGxheSI6MSwiY29udHJvbHMiOjEsIm1vZGVzdGJyYW5kaW5nIjowLCJsb29wIjowLCJhdXRvbmV4dCI6MSwic2hvd2luZm8iOjAsInJlbCI6MCwicGxheWluZyI6MSwicGxheWluZ19kZXNjcmlwdGlvbiI6MSwidGh1bWJuYWlscyI6MCwiY2NfbG9hZF9wb2xpY3kiOiIxIiwiY2NfbGFuZ19wcmVmIjoiMSIsImhsIjoiIiwiaXZfbG9hZF9wb2xpY3kiOiIxIn0sImxhc3RfdGFiIjoiY2FjaGUiLCJ1c2VfYXNfbW9kYWwiOiJvZmYiLCJtb2RhbF9pZCI6Im9mZiIsImxhc3RfdXBkYXRlIjoiMTYzMzkzOTY3MiIsInN0eWxpbmciOnsicGFnZXJfbGF5b3V0IjoiZGVmYXVsdCIsImJ1dHRvbiI6IjEiLCJidXR0b25fY29sb3IiOiIiLCJidXR0b25fYmdfY29sb3IiOiIiLCJidXR0b25fY29sb3JfaG92ZXIiOiIiLCJidXR0b25fYmdfY29sb3JfaG92ZXIiOiIiLCJ2aWRlb19zdHlsZSI6ImFibmIiLCJwbGF5aWNvbl9jb2xvciI6IiIsImhvdmVyX2ljb24iOiIiLCJnYWxsZXJ5X2JnIjoiIn0sImVmZmVjdHMiOnsidmlkZW9fYm94IjoiIiwiZmxpcF9lZmZlY3QiOiIifSwiZ2FsbGVyeV9pZCI6IjY5ZjI2MDQ3NzE5ZmEiLCJuZXh0IjoiIiwicHJldiI6IiJ9\"\n\t\t\tdata-player=\"popup\"\n\t\t\tdata-showdesc=\"off\" >\n\t\t\t\t<div>\n\t\t\t\t\t<div class=\"yotu-videos yotu-mode-grid yotu-preset yotu-preset-abnb yotu-column-3 yotu-player-mode-popup\">\n\t<ul>\n\t\t\t\t\t<li class=\" yotu-first\">\n\t\t\t\t\t\t\t\t<a href=\"#9N2lQQnIlyw\" class=\"yotu-video\" data-videoid=\"9N2lQQnIlyw\" data-title=\"La diversit\u00e9 dans l\\&#039;enseignement sup\u00e9rieur - Partie 1\" title=\"La diversit\u00e9 dans l&#039;enseignement sup\u00e9rieur - Partie 1\">\n\t\t\t\t\t<div class=\"yotu-video-thumb-wrp\">\n\t\t\t\t\t\t<div>\n\t\t\t\t\t\t\t\t\t\t\t\t\t\t<img decoding=\"async\" class=\"yotu-video-thumb\" src=\"https:\/\/i.ytimg.com\/vi\/9N2lQQnIlyw\/sddefault.jpg\" alt=\"La diversit\u00e9 dans l&#039;enseignement sup\u00e9rieur - Partie 1\">\t\n\t\t\t\t\t\t\t\t\t\t\t\t\t<\/div>\n\t\t\t\t\t<\/div>\n\t\t\t\t\t\t\t\t\t\t\t<h3 class=\"yotu-video-title\">La diversit\u00e9 dans l'enseignement sup\u00e9rieur - Partie 1<\/h3>\n\t\t\t\t\t\t\t\t\t\t\t\t\t\t\t\t\t\t\t<\/a>\n\t\t\t\t\t\t\t<\/li>\n\t\t\t\t\n\t\t\t\t\t\t<li class=\"\">\n\t\t\t\t\t\t\t\t<a href=\"#fYXe0Z6icVo\" class=\"yotu-video\" data-videoid=\"fYXe0Z6icVo\" data-title=\"La diversit\u00e9 dans l\\&#039;enseignement sup\u00e9rieur - Partie 2\" title=\"La diversit\u00e9 dans l&#039;enseignement sup\u00e9rieur - Partie 2\">\n\t\t\t\t\t<div class=\"yotu-video-thumb-wrp\">\n\t\t\t\t\t\t<div>\n\t\t\t\t\t\t\t\t\t\t\t\t\t\t<img decoding=\"async\" class=\"yotu-video-thumb\" src=\"https:\/\/i.ytimg.com\/vi\/fYXe0Z6icVo\/sddefault.jpg\" alt=\"La diversit\u00e9 dans l&#039;enseignement sup\u00e9rieur - Partie 2\">\t\n\t\t\t\t\t\t\t\t\t\t\t\t\t<\/div>\n\t\t\t\t\t<\/div>\n\t\t\t\t\t\t\t\t\t\t\t<h3 class=\"yotu-video-title\">La diversit\u00e9 dans l'enseignement sup\u00e9rieur - Partie 2<\/h3>\n\t\t\t\t\t\t\t\t\t\t\t\t\t\t\t\t\t\t\t<\/a>\n\t\t\t\t\t\t\t<\/li>\n\t\t\t\t\n\t\t\t\t\t\t<li class=\" yotu-last\">\n\t\t\t\t\t\t\t\t<a href=\"#fajmD568hsg\" class=\"yotu-video\" data-videoid=\"fajmD568hsg\" data-title=\"Enhancing Learning through inlusive practices: Interview with Mychelle Pride\" title=\"Enhancing Learning through inlusive practices: Interview with Mychelle Pride\">\n\t\t\t\t\t<div class=\"yotu-video-thumb-wrp\">\n\t\t\t\t\t\t<div>\n\t\t\t\t\t\t\t\t\t\t\t\t\t\t<img decoding=\"async\" class=\"yotu-video-thumb\" src=\"https:\/\/i.ytimg.com\/vi\/fajmD568hsg\/sddefault.jpg\" alt=\"Enhancing Learning through inlusive practices: Interview with Mychelle Pride\">\t\n\t\t\t\t\t\t\t\t\t\t\t\t\t<\/div>\n\t\t\t\t\t<\/div>\n\t\t\t\t\t\t\t\t\t\t\t<h3 class=\"yotu-video-title\">Enhancing Learning through inlusive practices: Interview with Mychelle Pride<\/h3>\n\t\t\t\t\t\t\t\t\t\t\t\t\t\t\t\t\t\t\t<\/a>\n\t\t\t\t\t\t\t<\/li>\n\t\t\t\t\n\t\t\t\t<\/ul>\n<\/div><div class=\"yotu-pagination yotu-hide\">\n\t<a href=\"#\" class=\"yotu-pagination-more yotu-button-prs yotu-button-prs-1\" data-page=\"more\">Load more<\/a>\n<\/div>\n\t\t\t\t<\/div>\n\t\t\t<\/div>\n\t\t\t\n","protected":false},"excerpt":{"rendered":"<p>Interviews d&rsquo;enseignant\u00b7es et d&rsquo;expert\u00b7es autour de l&rsquo;inclusion dans l&rsquo;enseignement sup\u00e9rieur.<\/p>\n","protected":false},"author":5,"featured_media":11467,"parent":0,"comment_status":"open","ping_status":"open","template":"","format":"standard","meta":{"_uag_custom_page_level_css":"","advgb_blocks_editor_width":"","advgb_blocks_columns_visual_guide":"","footnotes":""},"competences":[197],"formats":[212],"outilsnumeriques":[],"thematiques":[261,255],"class_list":["post-11462","cptdocument","type-cptdocument","status-publish","format-standard","has-post-thumbnail","hentry","competences-inclure","formats-video","thematiques-conception","thematiques-inclusion"],"uagb_featured_image_src":{"full":["https:\/\/enseigner.unil.ch\/ressources\/wp-content\/uploads\/inclusion_couverture.png",796,1124,false],"thumbnail":["https:\/\/enseigner.unil.ch\/ressources\/wp-content\/uploads\/inclusion_couverture-150x150.png",150,150,true],"medium":["https:\/\/enseigner.unil.ch\/ressources\/wp-content\/uploads\/inclusion_couverture-212x300.png",212,300,true],"medium_large":["https:\/\/enseigner.unil.ch\/ressources\/wp-content\/uploads\/inclusion_couverture-768x1084.png",768,1084,true],"large":["https:\/\/enseigner.unil.ch\/ressources\/wp-content\/uploads\/inclusion_couverture-725x1024.png",725,1024,true],"1536x1536":["https:\/\/enseigner.unil.ch\/ressources\/wp-content\/uploads\/inclusion_couverture.png",796,1124,false],"2048x2048":["https:\/\/enseigner.unil.ch\/ressources\/wp-content\/uploads\/inclusion_couverture.png",796,1124,false],"mailpoet_newsletter_max":["https:\/\/enseigner.unil.ch\/ressources\/wp-content\/uploads\/inclusion_couverture.png",796,1124,false]},"uagb_author_info":{"display_name":"CSE","author_link":"https:\/\/enseigner.unil.ch\/ressources\/author\/cseunil-ch\/"},"uagb_comment_info":0,"uagb_excerpt":"Interviews d'enseignant\u00b7es et d'expert\u00b7es autour de l'inclusion dans l'enseignement sup\u00e9rieur.","featured_img":"https:\/\/enseigner.unil.ch\/ressources\/wp-content\/uploads\/inclusion_couverture.png","coauthors":[],"author_meta":{"author_link":"https:\/\/enseigner.unil.ch\/ressources\/author\/cseunil-ch\/","display_name":"CSE"},"relative_dates":{"created":"Publi\u00e9 5 mois il y a","modified":"Mis \u00e0 jour 5 mois il y a"},"absolute_dates":{"created":"Publi\u00e9 le 01\/12\/2025","modified":"Mise \u00e0 jour le 01\/12\/2025"},"absolute_dates_time":{"created":"Publi\u00e9 le 01\/12\/2025 10:51 am","modified":"Mise \u00e0 jour le 01\/12\/2025 10:58 am"},"featured_img_caption":"","tax_additional":{"competences":{"linked":["<a href=\"https:\/\/enseigner.unil.ch\/ressources\/competences\/inclure\/\" class=\"advgb-post-tax-term\">Inclure<\/a>"],"unlinked":["<span class=\"advgb-post-tax-term\">Inclure<\/span>"],"slug":"competences","name":"Types de comp\u00e9tences"},"formats":{"linked":["<a href=\"https:\/\/enseigner.unil.ch\/ressources\/formats\/video\/\" class=\"advgb-post-tax-term\">Playlist vid\u00e9o<\/a>"],"unlinked":["<span class=\"advgb-post-tax-term\">Playlist vid\u00e9o<\/span>"],"slug":"formats","name":"Types de format"},"outilsnumeriques":{"linked":[],"unlinked":[],"slug":"outilsnumeriques","name":"Types d outils num\u00e9riques"},"thematiques":{"linked":["<a href=\"https:\/\/enseigner.unil.ch\/ressources\/thematiques\/conception\/\" class=\"advgb-post-tax-term\">Conception de cours<\/a>","<a href=\"https:\/\/enseigner.unil.ch\/ressources\/thematiques\/inclusion\/\" class=\"advgb-post-tax-term\">Inclusion et diversit\u00e9<\/a>"],"unlinked":["<span class=\"advgb-post-tax-term\">Conception de cours<\/span>","<span class=\"advgb-post-tax-term\">Inclusion et diversit\u00e9<\/span>"],"slug":"thematiques","name":"Types de thematiques"}},"series_order":"","_links":{"self":[{"href":"https:\/\/enseigner.unil.ch\/ressources\/wp-json\/wp\/v2\/cptdocument\/11462","targetHints":{"allow":["GET"]}}],"collection":[{"href":"https:\/\/enseigner.unil.ch\/ressources\/wp-json\/wp\/v2\/cptdocument"}],"about":[{"href":"https:\/\/enseigner.unil.ch\/ressources\/wp-json\/wp\/v2\/types\/cptdocument"}],"author":[{"embeddable":true,"href":"https:\/\/enseigner.unil.ch\/ressources\/wp-json\/wp\/v2\/users\/5"}],"replies":[{"embeddable":true,"href":"https:\/\/enseigner.unil.ch\/ressources\/wp-json\/wp\/v2\/comments?post=11462"}],"version-history":[{"count":4,"href":"https:\/\/enseigner.unil.ch\/ressources\/wp-json\/wp\/v2\/cptdocument\/11462\/revisions"}],"predecessor-version":[{"id":11468,"href":"https:\/\/enseigner.unil.ch\/ressources\/wp-json\/wp\/v2\/cptdocument\/11462\/revisions\/11468"}],"wp:featuredmedia":[{"embeddable":true,"href":"https:\/\/enseigner.unil.ch\/ressources\/wp-json\/wp\/v2\/media\/11467"}],"wp:attachment":[{"href":"https:\/\/enseigner.unil.ch\/ressources\/wp-json\/wp\/v2\/media?parent=11462"}],"wp:term":[{"taxonomy":"competences","embeddable":true,"href":"https:\/\/enseigner.unil.ch\/ressources\/wp-json\/wp\/v2\/competences?post=11462"},{"taxonomy":"formats","embeddable":true,"href":"https:\/\/enseigner.unil.ch\/ressources\/wp-json\/wp\/v2\/formats?post=11462"},{"taxonomy":"outilsnumeriques","embeddable":true,"href":"https:\/\/enseigner.unil.ch\/ressources\/wp-json\/wp\/v2\/outilsnumeriques?post=11462"},{"taxonomy":"thematiques","embeddable":true,"href":"https:\/\/enseigner.unil.ch\/ressources\/wp-json\/wp\/v2\/thematiques?post=11462"}],"curies":[{"name":"wp","href":"https:\/\/api.w.org\/{rel}","templated":true}]}}