{"id":11879,"date":"2019-02-12T08:53:57","date_gmt":"2019-02-12T07:53:57","guid":{"rendered":"https:\/\/enseigner.unil.ch\/ressources\/?post_type=cptdocument&#038;p=11879"},"modified":"2026-01-22T15:54:39","modified_gmt":"2026-01-22T14:54:39","slug":"travail-de-groupe-en-enseignement-superieur","status":"publish","type":"cptdocument","link":"https:\/\/enseigner.unil.ch\/ressources\/document\/travail-de-groupe-en-enseignement-superieur\/","title":{"rendered":"Travail de groupe en enseignement sup\u00e9rieur"},"content":{"rendered":"\n<div class=\"wp-block-columns is-layout-flex wp-container-core-columns-is-layout-28f84493 wp-block-columns-is-layout-flex\">\n<div class=\"wp-block-column infotableau is-layout-flow wp-block-column-is-layout-flow\">\n<p>Faire travailler les \u00e9tudiant\u00b7es en groupe peut \u00eatre un levier d&rsquo;apprentissage efficace lorsqu\u2019il est pr\u00e9par\u00e9 en amont : sc\u00e9narisation, formulation claire des consignes, gestion des r\u00f4les, \u00e9valuation \u00e9quitable, etc.<\/p>\n\n\n\n<p>Ces 18 fiches-outils, r\u00e9alis\u00e9es collaborativement par l\u2019Universit\u00e9 libre de Bruxelles et l&rsquo;Universit\u00e9 de Mons, proposent des conseils pratiques, des mod\u00e8les et des pistes d\u2019ajustement aux enseignant\u00b7es pour structurer l\u2019activit\u00e9 collaborative, anticiper les difficult\u00e9s et maximiser l\u2019engagement des \u00e9tudiant\u00b7es dans les travaux de groupe.<\/p>\n\n\n\n<div class=\"wp-block-advgb-accordions advgb-accordions-934bcb0e-92f7-49e7-bac4-83930145ed51 advgb-accordion-wrapper\" data-collapsed=\"true\">\n<div class=\"wp-block-advgb-accordion-item advgb-accordion-item\" style=\"margin-bottom:15px\"><div class=\"advgb-accordion-header\" style=\"background-color:#ffffff;color:#111111;border-style:solid;border-width:1px;border-radius:2px\"><span class=\"advgb-accordion-header-icon accordion-state\"><svg class=\"advgb-icon-closed\" fill=\"#111111\" xmlns=\"http:\/\/www.w3.org\/2000\/svg\" width=\"24\" height=\"24\" viewBox=\"0 0 24 24\"><path fill=\"none\" d=\"M0,0h24v24H0V0z\"><\/path><path d=\"M12,5.83L15.17,9l1.41-1.41L12,3L7.41,7.59L8.83,9L12,5.83z M12,18.17L8.83,15l-1.41,1.41L12,21l4.59-4.59L15.17,15 L12,18.17z\"><\/path><\/svg><svg class=\"advgb-icon-opened\" fill=\"#111111\" xmlns=\"http:\/\/www.w3.org\/2000\/svg\" width=\"24\" height=\"24\" viewBox=\"0 0 24 24\"><path fill=\"none\" d=\"M0,0h24v24H0V0z\"><\/path><path d=\"M7.41,18.59L8.83,20L12,16.83L15.17,20l1.41-1.41L12,14L7.41,18.59z M16.59,5.41L15.17,4L12,7.17L8.83,4L7.41,5.41L12,10L16.59,5.41z\"><\/path><\/svg><\/span><h6 class=\"advgb-accordion-header-title\" style=\"color:inherit\">Au sommaire de ce document<\/h6><\/div><div class=\"advgb-accordion-body\" style=\"border-style:solid !important;border-width:1px !important;border-color:undefined !important;border-top:none !important;border-radius:2px !important\">\n<h2 class=\"wp-block-heading has-small-font-size\">1. Rep\u00e8res th\u00e9oriques<\/h2>\n\n\n\n<ul class=\"wp-block-list\">\n<li class=\"has-small-font-size\">1. Un \u00abgroupe\u00bb &#8230;c&rsquo;est quoi?<\/li>\n\n\n\n<li class=\"has-small-font-size\">2. 4,6,8 \u00e9tudiants&#8230; quelle est la taille id\u00e9ale d&rsquo;un groupe?<\/li>\n\n\n\n<li class=\"has-small-font-size\">3. Travail de groupe: collaboration ou coop\u00e9ration?<\/li>\n\n\n\n<li class=\"has-small-font-size\">4. La triple concordance&#8230; c&rsquo;est quoi?<\/li>\n\n\n\n<li class=\"has-small-font-size\">5. Les mettre en groupe&#8230; la meilleure des m\u00e9thodes p\u00e9dagogiques?<\/li>\n\n\n\n<li class=\"has-small-font-size\">6. Quelles types de comp\u00e9tences travaille-t-on en groupe?<\/li>\n\n\n\n<li class=\"has-small-font-size\">7. Les mettre en groupe: avantage ou inconv\u00e9nient?<\/li>\n<\/ul>\n\n\n\n<h2 class=\"wp-block-heading has-small-font-size\">2. Rep\u00e8res pratiques<\/h2>\n\n\n\n<ul class=\"wp-block-list\">\n<li class=\"has-small-font-size\">8. Quelle t\u00e2che je propose \u00e0 mes \u00e9tudiants?<\/li>\n\n\n\n<li class=\"has-small-font-size\">9. Quel est mon r\u00f4le&#8230; et ceux de mes \u00e9tudiants?<\/li>\n\n\n\n<li class=\"has-small-font-size\">10. Laisser mes \u00e9tudiants choisir leur groupe?<\/li>\n\n\n\n<li class=\"has-small-font-size\">11. Quelles \u00e9tapes pour un bon d\u00e9roulement?<\/li>\n\n\n\n<li class=\"has-small-font-size\">12. Comment g\u00e9rer les conflits?<\/li>\n\n\n\n<li class=\"has-small-font-size\">13. Comment j&rsquo;organise l&rsquo;espace de travail?<\/li>\n\n\n\n<li class=\"has-small-font-size\">14. Et au niveau num\u00e9rique, quels outils pourraient m&rsquo;aider?<\/li>\n<\/ul>\n\n\n\n<h2 class=\"wp-block-heading has-small-font-size\">3. \u00c9valuer le travail de groupe<\/h2>\n\n\n\n<ul class=\"wp-block-list\">\n<li class=\"has-small-font-size\">15. Si on parlait d&rsquo;\u00e9valuation&#8230; en th\u00e9orie<\/li>\n\n\n\n<li class=\"has-small-font-size\">16. Et pourquoi pas une grille crit\u00e9ri\u00e9e?<\/li>\n\n\n\n<li class=\"has-small-font-size\">17. Et comment j&rsquo;\u00e9value mes groupes?<\/li>\n<\/ul>\n\n\n\n<h2 class=\"wp-block-heading has-small-font-size\">4. \u00c9valuer mon dispositif<\/h2>\n\n\n\n<ul class=\"wp-block-list\">\n<li class=\"has-small-font-size\">18. Comment j&rsquo;am\u00e9liore mon dispositif?<\/li>\n<\/ul>\n<\/div><\/div>\n<\/div>\n<\/div>\n\n\n\n<div class=\"wp-block-column infotableau is-layout-flow wp-block-column-is-layout-flow\">\n<div class=\"wp-block-columns infotableaumeta is-layout-flex wp-container-core-columns-is-layout-28f84493 wp-block-columns-is-layout-flex\">\n<div class=\"wp-block-column is-layout-flow wp-block-column-is-layout-flow\">\n<p>Version:<\/p>\n<\/div>\n\n\n\n<div class=\"wp-block-column is-layout-flow wp-block-column-is-layout-flow\">\n<p class=\"highlight\">1.0.0<\/p>\n<\/div>\n<\/div>\n\n\n\n<div class=\"wp-block-columns infotableaumeta is-layout-flex wp-container-core-columns-is-layout-28f84493 wp-block-columns-is-layout-flex\">\n<div class=\"wp-block-column is-layout-flow wp-block-column-is-layout-flow\">\n<p>Date:<\/p>\n<\/div>\n\n\n\n<div class=\"wp-block-column is-layout-flow wp-block-column-is-layout-flow\">\n<p class=\"highlight\">janv. 2019<\/p>\n<\/div>\n<\/div>\n\n\n\n<div class=\"wp-block-columns infotableaumeta is-layout-flex wp-container-core-columns-is-layout-28f84493 wp-block-columns-is-layout-flex\">\n<div class=\"wp-block-column is-layout-flow wp-block-column-is-layout-flow\">\n<p>Format:<\/p>\n<\/div>\n\n\n\n<div class=\"wp-block-column is-layout-flow wp-block-column-is-layout-flow\">\n<p class=\"highlight\">PDF<\/p>\n<\/div>\n<\/div>\n\n\n\n<div class=\"wp-block-columns infotableaumeta is-layout-flex wp-container-core-columns-is-layout-28f84493 wp-block-columns-is-layout-flex\">\n<div class=\"wp-block-column is-layout-flow wp-block-column-is-layout-flow\">\n<p class=\"infotitle\">Licence:<\/p>\n<\/div>\n\n\n\n<div class=\"wp-block-column is-layout-flow wp-block-column-is-layout-flow\">\n<p class=\"highlight\">\u00a9Institut d&rsquo;Administration Scolaire Universit\u00e9 de Mons<\/p>\n<\/div>\n<\/div>\n\n\n\n<div class=\"wp-block-columns infotableaumeta is-layout-flex wp-container-core-columns-is-layout-28f84493 wp-block-columns-is-layout-flex\">\n<div class=\"wp-block-column is-layout-flow wp-block-column-is-layout-flow\">\n<p>Auteur\u00b7e(\u00b7s):<\/p>\n<\/div>\n\n\n\n<div class=\"wp-block-column is-layout-flow wp-block-column-is-layout-flow\">\n<p class=\"highlight\">D. Kozlowski<br>S. Lecloux<\/p>\n<\/div>\n<\/div>\n<\/div>\n<\/div>\n\n\n\n<div data-wp-interactive=\"core\/file\" class=\"wp-block-file\"><object data-wp-bind--hidden=\"!state.hasPdfPreview\" hidden class=\"wp-block-file__embed\" data=\"https:\/\/enseigner.unil.ch\/ressources\/wp-content\/uploads\/Travail-de-groupe.pdf\" type=\"application\/pdf\" style=\"width:100%;height:600px\" aria-label=\"Contenu embarqu\u00e9 Travail de groupe - dossier p\u00e9dagogique enseignement.\"><\/object><a id=\"wp-block-file--media-2851e59c-d9de-4825-bfb2-fbae560bc66b\" href=\"https:\/\/enseigner.unil.ch\/ressources\/wp-content\/uploads\/Travail-de-groupe.pdf\">Travail de groupe &#8211; dossier p\u00e9dagogique enseignement<\/a><\/div>\n","protected":false},"excerpt":{"rendered":"<p>18 fiches-outils \u00e0 destination des enseignant\u00b7es pour structurer et accompagner les travaux de groupe des \u00e9tudiant\u00b7es.<\/p>\n","protected":false},"author":5,"featured_media":11883,"parent":0,"comment_status":"open","ping_status":"open","template":"","format":"standard","meta":{"_uag_custom_page_level_css":"","advgb_blocks_editor_width":"","advgb_blocks_columns_visual_guide":"","footnotes":""},"competences":[193],"formats":[207],"outilsnumeriques":[],"thematiques":[257,265],"class_list":["post-11879","cptdocument","type-cptdocument","status-publish","format-standard","has-post-thumbnail","hentry","competences-concevoir","formats-web","thematiques-activite","thematiques-groupe"],"uagb_featured_image_src":{"full":["https:\/\/enseigner.unil.ch\/ressources\/wp-content\/uploads\/Umons-travail-de-groupe_couverture.png",1126,1586,false],"thumbnail":["https:\/\/enseigner.unil.ch\/ressources\/wp-content\/uploads\/Umons-travail-de-groupe_couverture-150x150.png",150,150,true],"medium":["https:\/\/enseigner.unil.ch\/ressources\/wp-content\/uploads\/Umons-travail-de-groupe_couverture-213x300.png",213,300,true],"medium_large":["https:\/\/enseigner.unil.ch\/ressources\/wp-content\/uploads\/Umons-travail-de-groupe_couverture-768x1082.png",768,1082,true],"large":["https:\/\/enseigner.unil.ch\/ressources\/wp-content\/uploads\/Umons-travail-de-groupe_couverture-727x1024.png",727,1024,true],"1536x1536":["https:\/\/enseigner.unil.ch\/ressources\/wp-content\/uploads\/Umons-travail-de-groupe_couverture-1091x1536.png",1091,1536,true],"2048x2048":["https:\/\/enseigner.unil.ch\/ressources\/wp-content\/uploads\/Umons-travail-de-groupe_couverture.png",1126,1586,false],"mailpoet_newsletter_max":["https:\/\/enseigner.unil.ch\/ressources\/wp-content\/uploads\/Umons-travail-de-groupe_couverture.png",1126,1586,false]},"uagb_author_info":{"display_name":"CSE","author_link":"https:\/\/enseigner.unil.ch\/ressources\/author\/cseunil-ch\/"},"uagb_comment_info":0,"uagb_excerpt":"18 fiches-outils \u00e0 destination des enseignant\u00b7es pour structurer et accompagner les travaux de groupe des \u00e9tudiant\u00b7es.","featured_img":"https:\/\/enseigner.unil.ch\/ressources\/wp-content\/uploads\/Umons-travail-de-groupe_couverture.png","coauthors":[],"author_meta":{"author_link":"https:\/\/enseigner.unil.ch\/ressources\/author\/cseunil-ch\/","display_name":"CSE"},"relative_dates":{"created":"Publi\u00e9 7 ans il y a","modified":"Mis \u00e0 jour 3 mois il y a"},"absolute_dates":{"created":"Publi\u00e9 le 12\/02\/2019","modified":"Mise \u00e0 jour le 22\/01\/2026"},"absolute_dates_time":{"created":"Publi\u00e9 le 12\/02\/2019 8:53 am","modified":"Mise \u00e0 jour le 22\/01\/2026 3:54 pm"},"featured_img_caption":"","tax_additional":{"competences":{"linked":["<a href=\"https:\/\/enseigner.unil.ch\/ressources\/competences\/concevoir\/\" class=\"advgb-post-tax-term\">Concevoir<\/a>"],"unlinked":["<span class=\"advgb-post-tax-term\">Concevoir<\/span>"],"slug":"competences","name":"Types de comp\u00e9tences"},"formats":{"linked":["<a href=\"https:\/\/enseigner.unil.ch\/ressources\/formats\/web\/\" class=\"advgb-post-tax-term\">Ressource externe<\/a>"],"unlinked":["<span class=\"advgb-post-tax-term\">Ressource externe<\/span>"],"slug":"formats","name":"Types de format"},"outilsnumeriques":{"linked":[],"unlinked":[],"slug":"outilsnumeriques","name":"Types d outils num\u00e9riques"},"thematiques":{"linked":["<a href=\"https:\/\/enseigner.unil.ch\/ressources\/thematiques\/activite\/\" class=\"advgb-post-tax-term\">Activit\u00e9s p\u00e9dagogiques<\/a>","<a href=\"https:\/\/enseigner.unil.ch\/ressources\/thematiques\/groupe\/\" class=\"advgb-post-tax-term\">Travail en groupe<\/a>"],"unlinked":["<span class=\"advgb-post-tax-term\">Activit\u00e9s p\u00e9dagogiques<\/span>","<span class=\"advgb-post-tax-term\">Travail en groupe<\/span>"],"slug":"thematiques","name":"Types de thematiques"}},"series_order":"","_links":{"self":[{"href":"https:\/\/enseigner.unil.ch\/ressources\/wp-json\/wp\/v2\/cptdocument\/11879","targetHints":{"allow":["GET"]}}],"collection":[{"href":"https:\/\/enseigner.unil.ch\/ressources\/wp-json\/wp\/v2\/cptdocument"}],"about":[{"href":"https:\/\/enseigner.unil.ch\/ressources\/wp-json\/wp\/v2\/types\/cptdocument"}],"author":[{"embeddable":true,"href":"https:\/\/enseigner.unil.ch\/ressources\/wp-json\/wp\/v2\/users\/5"}],"replies":[{"embeddable":true,"href":"https:\/\/enseigner.unil.ch\/ressources\/wp-json\/wp\/v2\/comments?post=11879"}],"version-history":[{"count":12,"href":"https:\/\/enseigner.unil.ch\/ressources\/wp-json\/wp\/v2\/cptdocument\/11879\/revisions"}],"predecessor-version":[{"id":11909,"href":"https:\/\/enseigner.unil.ch\/ressources\/wp-json\/wp\/v2\/cptdocument\/11879\/revisions\/11909"}],"wp:featuredmedia":[{"embeddable":true,"href":"https:\/\/enseigner.unil.ch\/ressources\/wp-json\/wp\/v2\/media\/11883"}],"wp:attachment":[{"href":"https:\/\/enseigner.unil.ch\/ressources\/wp-json\/wp\/v2\/media?parent=11879"}],"wp:term":[{"taxonomy":"competences","embeddable":true,"href":"https:\/\/enseigner.unil.ch\/ressources\/wp-json\/wp\/v2\/competences?post=11879"},{"taxonomy":"formats","embeddable":true,"href":"https:\/\/enseigner.unil.ch\/ressources\/wp-json\/wp\/v2\/formats?post=11879"},{"taxonomy":"outilsnumeriques","embeddable":true,"href":"https:\/\/enseigner.unil.ch\/ressources\/wp-json\/wp\/v2\/outilsnumeriques?post=11879"},{"taxonomy":"thematiques","embeddable":true,"href":"https:\/\/enseigner.unil.ch\/ressources\/wp-json\/wp\/v2\/thematiques?post=11879"}],"curies":[{"name":"wp","href":"https:\/\/api.w.org\/{rel}","templated":true}]}}