{"id":3633,"date":"2014-06-13T16:00:39","date_gmt":"2014-06-13T14:00:39","guid":{"rendered":"https:\/\/enseigner.unil.ch\/ressources\/?post_type=cptdocument&#038;p=3633"},"modified":"2026-01-27T13:28:19","modified_gmt":"2026-01-27T12:28:19","slug":"developper-le-sentiment-dinclusion-dans-lenseignement-superieur","status":"publish","type":"cptdocument","link":"https:\/\/enseigner.unil.ch\/ressources\/document\/developper-le-sentiment-dinclusion-dans-lenseignement-superieur\/","title":{"rendered":"D\u00e9velopper le sentiment d&rsquo;inclusion dans l&rsquo;enseignement sup\u00e9rieur\u00a0"},"content":{"rendered":"\n<div class=\"wp-block-columns is-layout-flex wp-container-core-columns-is-layout-28f84493 wp-block-columns-is-layout-flex\">\n<div class=\"wp-block-column infotableau is-layout-flow wp-block-column-is-layout-flow\">\n<p>Ce document pr\u00e9sente une bo\u00eete \u00e0 outils pour petites et grandes classes, pour d\u00e9velopper le sentiment d\u2019inclusion gr\u00e2ce \u00e0 des exercices pratiques permettant aux \u00e9tudiant\u00b7es de faire connaissance ou encore de r\u00e9fl\u00e9chir \u00e0 leurs profils d&rsquo;apprenant\u00b7es. Il propose \u00e9galement des id\u00e9es pour concevoir un cours qui prenne en compte la grande diversit\u00e9 des \u00e9tudiant\u00b7es, en individualisant davantage l\u2019enseignement et l\u2019\u00e9valuation des apprentissages.<\/p>\n\n\n\n<div class=\"wp-block-advgb-accordions advgb-accordions-1ac5a13b-4aa8-4ba6-816d-799c0b6d35ce advgb-accordion-wrapper\" data-collapsed=\"true\">\n<div class=\"wp-block-advgb-accordion-item advgb-accordion-item sommaire-h2\" style=\"margin-bottom:15px\"><div class=\"advgb-accordion-header\" style=\"background-color:#FFFFFF;color:#000000;border-style:solid;border-width:0px;border-radius:2px\"><span class=\"advgb-accordion-header-icon accordion-state\"><svg class=\"advgb-icon-closed\" fill=\"#000000\" xmlns=\"http:\/\/www.w3.org\/2000\/svg\" width=\"24\" height=\"24\" viewBox=\"0 0 24 24\"><path fill=\"none\" d=\"M0,0h24v24H0V0z\"><\/path><path d=\"M12,5.83L15.17,9l1.41-1.41L12,3L7.41,7.59L8.83,9L12,5.83z M12,18.17L8.83,15l-1.41,1.41L12,21l4.59-4.59L15.17,15 L12,18.17z\"><\/path><\/svg><svg class=\"advgb-icon-opened\" fill=\"#000000\" xmlns=\"http:\/\/www.w3.org\/2000\/svg\" width=\"24\" height=\"24\" viewBox=\"0 0 24 24\"><path fill=\"none\" d=\"M0,0h24v24H0V0z\"><\/path><path d=\"M7.41,18.59L8.83,20L12,16.83L15.17,20l1.41-1.41L12,14L7.41,18.59z M16.59,5.41L15.17,4L12,7.17L8.83,4L7.41,5.41L12,10L16.59,5.41z\"><\/path><\/svg><\/span><h6 class=\"advgb-accordion-header-title\" style=\"color:inherit\">Au sommaire de ce document<\/h6><\/div><div class=\"advgb-accordion-body\" style=\"border-style:solid !important;border-width:0px !important;border-color:undefined !important;border-top:none !important;border-radius:2px !important\">\n<h2 class=\"wp-block-heading has-small-font-size\">Introduction<\/h2>\n\n\n\n<h2 class=\"wp-block-heading has-small-font-size\">La diversit\u00e9 dans l&rsquo;enseignement sup\u00e9rieur : un plaidoyer pour l&rsquo;inclusion dans la classe<\/h2>\n\n\n\n<h2 class=\"wp-block-heading has-small-font-size\">Les activit\u00e9s \u00abbrise-glaces\u00bb<\/h2>\n\n\n\n<h2 class=\"wp-block-heading has-small-font-size\">D\u00e9buter une discussion<\/h2>\n\n\n\n<h2 class=\"wp-block-heading has-small-font-size\">La diversit\u00e9 dans les m\u00e9thodes d&rsquo;enseignement et d&rsquo;\u00e9valuation<\/h2>\n\n\n\n<h2 class=\"wp-block-heading has-small-font-size\">Quelques \u00e9l\u00e9ments \u00e0 retenir<\/h2>\n\n\n\n<h2 class=\"wp-block-heading has-small-font-size\">Lectures compl\u00e9mentaires<\/h2>\n<\/div><\/div>\n<\/div>\n<\/div>\n\n\n\n<div class=\"wp-block-column infotableau is-layout-flow wp-block-column-is-layout-flow\">\n<div class=\"wp-block-columns infotableaumeta is-layout-flex wp-container-core-columns-is-layout-28f84493 wp-block-columns-is-layout-flex\">\n<div class=\"wp-block-column is-layout-flow wp-block-column-is-layout-flow\">\n<p>Version:<\/p>\n<\/div>\n\n\n\n<div class=\"wp-block-column is-layout-flow wp-block-column-is-layout-flow\">\n<p class=\"highlight\">1.0.0<\/p>\n<\/div>\n<\/div>\n\n\n\n<div class=\"wp-block-columns infotableaumeta is-layout-flex wp-container-core-columns-is-layout-28f84493 wp-block-columns-is-layout-flex\">\n<div class=\"wp-block-column is-layout-flow wp-block-column-is-layout-flow\">\n<p>Date:<\/p>\n<\/div>\n\n\n\n<div class=\"wp-block-column is-layout-flow wp-block-column-is-layout-flow\">\n<p class=\"highlight\">juin 2014<\/p>\n<\/div>\n<\/div>\n\n\n\n<div class=\"wp-block-columns infotableaumeta is-layout-flex wp-container-core-columns-is-layout-28f84493 wp-block-columns-is-layout-flex\">\n<div class=\"wp-block-column is-layout-flow wp-block-column-is-layout-flow\">\n<p>Format:<\/p>\n<\/div>\n\n\n\n<div class=\"wp-block-column is-layout-flow wp-block-column-is-layout-flow\">\n<p class=\"highlight\">PDF<\/p>\n<\/div>\n<\/div>\n\n\n\n<div class=\"wp-block-columns infotableaumeta is-layout-flex wp-container-core-columns-is-layout-28f84493 wp-block-columns-is-layout-flex\">\n<div class=\"wp-block-column is-layout-flow wp-block-column-is-layout-flow\">\n<p class=\"infotitle\">Licence:<\/p>\n<\/div>\n\n\n\n<div class=\"wp-block-column is-layout-flow wp-block-column-is-layout-flow\">\n<p class=\"highlight\">BY-NC-ND<\/p>\n<\/div>\n<\/div>\n\n\n\n<div class=\"wp-block-columns infotableaumeta is-layout-flex wp-container-core-columns-is-layout-28f84493 wp-block-columns-is-layout-flex\">\n<div class=\"wp-block-column is-layout-flow wp-block-column-is-layout-flow\">\n<p>Auteur\u00b7e(\u00b7s):<\/p>\n<\/div>\n\n\n\n<div class=\"wp-block-column is-layout-flow wp-block-column-is-layout-flow\">\n<p class=\"highlight\">M. Fenley<br>A. Daele<\/p>\n<\/div>\n<\/div>\n<\/div>\n<\/div>\n\n\n\n<div data-wp-interactive=\"core\/file\" class=\"wp-block-file\"><object data-wp-bind--hidden=\"!state.hasPdfPreview\" hidden class=\"wp-block-file__embed\" data=\"https:\/\/enseigner.unil.ch\/ressources\/wp-content\/uploads\/DiversiteFR.pdf\" type=\"application\/pdf\" style=\"width:100%;height:600px\" aria-label=\"Contenu embarqu\u00e9 D\u00e9velopper le sentiment d\u2019inclusion dans l\u2019enseignement sup\u00e9rieur.\"><\/object><a id=\"wp-block-file--media-c79bd158-e7f3-4548-ae5f-9b9851cb5428\" href=\"https:\/\/enseigner.unil.ch\/ressources\/wp-content\/uploads\/DiversiteFR.pdf\">D\u00e9velopper le sentiment d\u2019inclusion dans l\u2019enseignement sup\u00e9rieur<\/a><a href=\"https:\/\/enseigner.unil.ch\/ressources\/wp-content\/uploads\/DiversiteFR.pdf\" class=\"wp-block-file__button wp-element-button\" download aria-describedby=\"wp-block-file--media-c79bd158-e7f3-4548-ae5f-9b9851cb5428\">T\u00e9l\u00e9charger<\/a><\/div>\n\n\n\n<p><\/p>\n","protected":false},"excerpt":{"rendered":"<p>Bo\u00eete \u00e0 outils et id\u00e9es pour petites et grandes classes pour d\u00e9velopper le sentiment d&rsquo;inclusion.<\/p>\n","protected":false},"author":5,"featured_media":3705,"parent":0,"comment_status":"open","ping_status":"open","template":"","format":"standard","meta":{"_uag_custom_page_level_css":"","advgb_blocks_editor_width":"","advgb_blocks_columns_visual_guide":"","footnotes":""},"competences":[197],"formats":[220],"outilsnumeriques":[],"thematiques":[255],"class_list":["post-3633","cptdocument","type-cptdocument","status-publish","format-standard","has-post-thumbnail","hentry","competences-inclure","formats-memos","thematiques-inclusion"],"uagb_featured_image_src":{"full":["https:\/\/enseigner.unil.ch\/ressources\/wp-content\/uploads\/memo_inclusion_couverture.png",1034,1462,false],"thumbnail":["https:\/\/enseigner.unil.ch\/ressources\/wp-content\/uploads\/memo_inclusion_couverture-150x150.png",150,150,true],"medium":["https:\/\/enseigner.unil.ch\/ressources\/wp-content\/uploads\/memo_inclusion_couverture-212x300.png",212,300,true],"medium_large":["https:\/\/enseigner.unil.ch\/ressources\/wp-content\/uploads\/memo_inclusion_couverture-768x1086.png",768,1086,true],"large":["https:\/\/enseigner.unil.ch\/ressources\/wp-content\/uploads\/memo_inclusion_couverture-724x1024.png",724,1024,true],"1536x1536":["https:\/\/enseigner.unil.ch\/ressources\/wp-content\/uploads\/memo_inclusion_couverture.png",1034,1462,false],"2048x2048":["https:\/\/enseigner.unil.ch\/ressources\/wp-content\/uploads\/memo_inclusion_couverture.png",1034,1462,false],"mailpoet_newsletter_max":["https:\/\/enseigner.unil.ch\/ressources\/wp-content\/uploads\/memo_inclusion_couverture.png",1034,1462,false]},"uagb_author_info":{"display_name":"CSE","author_link":"https:\/\/enseigner.unil.ch\/ressources\/author\/cseunil-ch\/"},"uagb_comment_info":0,"uagb_excerpt":"Bo\u00eete \u00e0 outils et id\u00e9es pour petites et grandes classes pour d\u00e9velopper le sentiment d'inclusion.","featured_img":"https:\/\/enseigner.unil.ch\/ressources\/wp-content\/uploads\/memo_inclusion_couverture.png","coauthors":[],"author_meta":{"author_link":"https:\/\/enseigner.unil.ch\/ressources\/author\/cseunil-ch\/","display_name":"CSE"},"relative_dates":{"created":"Publi\u00e9 12 ans il y a","modified":"Mis \u00e0 jour 3 mois il y a"},"absolute_dates":{"created":"Publi\u00e9 le 13\/06\/2014","modified":"Mise \u00e0 jour le 27\/01\/2026"},"absolute_dates_time":{"created":"Publi\u00e9 le 13\/06\/2014 4:00 pm","modified":"Mise \u00e0 jour le 27\/01\/2026 1:28 pm"},"featured_img_caption":"","tax_additional":{"competences":{"linked":["<a href=\"https:\/\/enseigner.unil.ch\/ressources\/competences\/inclure\/\" class=\"advgb-post-tax-term\">Inclure<\/a>"],"unlinked":["<span class=\"advgb-post-tax-term\">Inclure<\/span>"],"slug":"competences","name":"Types de comp\u00e9tences"},"formats":{"linked":["<a href=\"https:\/\/enseigner.unil.ch\/ressources\/formats\/memos\/\" class=\"advgb-post-tax-term\">Les m\u00e9mos du CSE<\/a>"],"unlinked":["<span class=\"advgb-post-tax-term\">Les m\u00e9mos du CSE<\/span>"],"slug":"formats","name":"Types de format"},"outilsnumeriques":{"linked":[],"unlinked":[],"slug":"outilsnumeriques","name":"Types d outils num\u00e9riques"},"thematiques":{"linked":["<a href=\"https:\/\/enseigner.unil.ch\/ressources\/thematiques\/inclusion\/\" class=\"advgb-post-tax-term\">Inclusion et diversit\u00e9<\/a>"],"unlinked":["<span class=\"advgb-post-tax-term\">Inclusion et diversit\u00e9<\/span>"],"slug":"thematiques","name":"Types de thematiques"}},"series_order":"","_links":{"self":[{"href":"https:\/\/enseigner.unil.ch\/ressources\/wp-json\/wp\/v2\/cptdocument\/3633","targetHints":{"allow":["GET"]}}],"collection":[{"href":"https:\/\/enseigner.unil.ch\/ressources\/wp-json\/wp\/v2\/cptdocument"}],"about":[{"href":"https:\/\/enseigner.unil.ch\/ressources\/wp-json\/wp\/v2\/types\/cptdocument"}],"author":[{"embeddable":true,"href":"https:\/\/enseigner.unil.ch\/ressources\/wp-json\/wp\/v2\/users\/5"}],"replies":[{"embeddable":true,"href":"https:\/\/enseigner.unil.ch\/ressources\/wp-json\/wp\/v2\/comments?post=3633"}],"version-history":[{"count":5,"href":"https:\/\/enseigner.unil.ch\/ressources\/wp-json\/wp\/v2\/cptdocument\/3633\/revisions"}],"predecessor-version":[{"id":11935,"href":"https:\/\/enseigner.unil.ch\/ressources\/wp-json\/wp\/v2\/cptdocument\/3633\/revisions\/11935"}],"wp:featuredmedia":[{"embeddable":true,"href":"https:\/\/enseigner.unil.ch\/ressources\/wp-json\/wp\/v2\/media\/3705"}],"wp:attachment":[{"href":"https:\/\/enseigner.unil.ch\/ressources\/wp-json\/wp\/v2\/media?parent=3633"}],"wp:term":[{"taxonomy":"competences","embeddable":true,"href":"https:\/\/enseigner.unil.ch\/ressources\/wp-json\/wp\/v2\/competences?post=3633"},{"taxonomy":"formats","embeddable":true,"href":"https:\/\/enseigner.unil.ch\/ressources\/wp-json\/wp\/v2\/formats?post=3633"},{"taxonomy":"outilsnumeriques","embeddable":true,"href":"https:\/\/enseigner.unil.ch\/ressources\/wp-json\/wp\/v2\/outilsnumeriques?post=3633"},{"taxonomy":"thematiques","embeddable":true,"href":"https:\/\/enseigner.unil.ch\/ressources\/wp-json\/wp\/v2\/thematiques?post=3633"}],"curies":[{"name":"wp","href":"https:\/\/api.w.org\/{rel}","templated":true}]}}