{"id":3644,"date":"2010-10-05T15:56:49","date_gmt":"2010-10-05T13:56:49","guid":{"rendered":"https:\/\/enseigner.unil.ch\/ressources\/?post_type=cptdocument&#038;p=3644"},"modified":"2026-01-05T13:08:23","modified_gmt":"2026-01-05T12:08:23","slug":"evaluer-les-apprentissages-des-etudiants-a-laide-du-portfolio","status":"publish","type":"cptdocument","link":"https:\/\/enseigner.unil.ch\/ressources\/document\/evaluer-les-apprentissages-des-etudiants-a-laide-du-portfolio\/","title":{"rendered":"\u00c9valuer les apprentissages des \u00e9tudiant\u00b7es \u00e0 l&rsquo;aide du portfolio"},"content":{"rendered":"\n<div class=\"wp-block-columns is-layout-flex wp-container-core-columns-is-layout-28f84493 wp-block-columns-is-layout-flex\">\n<div class=\"wp-block-column infotableau is-layout-flow wp-block-column-is-layout-flow\">\n<p>Le portfolio est un recueil de traces d\u2019apprentissages des \u00e9tudiant\u00b7es pouvant notamment servir \u00e0 l\u2019\u00e9valuation des apprentissages. Ce document pr\u00e9cise ce en quoi consiste cet outil, explique comment l\u2019utiliser \u00e0 des fins d\u2019\u00e9valuation des apprentissages \u00e0 l\u2019universit\u00e9 et en expose la plus-value pour des \u00e9tudiant\u00b7es universitaires ainsi que pour leurs enseignant\u00b7es et\/ou responsables de programmes. Des conseils y sont prodigu\u00e9s pour la mise en \u0153uvre concr\u00e8te et pour en \u00e9viter l\u2019un des \u00e9cueils : l\u2019aspect parfois chronophage de l\u2019exercice.<\/p>\n\n\n\n<figure class=\"wp-block-video advgb-dyn-571659eb\"><video src=\"https:\/\/enseigner.unil.ch\/ressources\/wp-content\/uploads\/e-portfolio-720p_hd.mp4\"><\/video><\/figure>\n\n\n\n<p class=\"has-small-font-size advgb-dyn-e2ec5f42\"><em>Cette vid\u00e9o, r\u00e9alis\u00e9e \u00e0 l\u2019Unil, pr\u00e9sente bri\u00e8vement les caract\u00e9ristiques de la \u00ab\u00a0d\u00e9marche ePortfolio\u00a0\u00bb et sa mise en \u0153uvre dans le cadre d\u2019enseignements existants. Il s\u2019agit d\u2019exemples d\u2019utilisation, illustr\u00e9s par des enseignant\u00b7es et des \u00e9tudiant\u00b7es, qui peuvent inspirer de nombreuses autres modalit\u00e9s de mise en \u0153uvre.<\/em><\/p>\n\n\n\n<div class=\"wp-block-advgb-accordions advgb-accordions-437bccbf-1ce4-442a-a437-d69718b4ce1f advgb-accordion-wrapper\" data-collapsed=\"true\">\n<div class=\"wp-block-advgb-accordion-item advgb-accordion-item sommaire-h2\" style=\"margin-bottom:15px\"><div class=\"advgb-accordion-header\" style=\"background-color:#FFFFFF;color:#000000;border-style:solid;border-width:0px;border-radius:2px\"><span class=\"advgb-accordion-header-icon accordion-state\"><svg class=\"advgb-icon-closed\" fill=\"#000000\" xmlns=\"http:\/\/www.w3.org\/2000\/svg\" width=\"24\" height=\"24\" viewBox=\"0 0 24 24\"><path fill=\"none\" d=\"M0,0h24v24H0V0z\"><\/path><path d=\"M12,5.83L15.17,9l1.41-1.41L12,3L7.41,7.59L8.83,9L12,5.83z M12,18.17L8.83,15l-1.41,1.41L12,21l4.59-4.59L15.17,15 L12,18.17z\"><\/path><\/svg><svg class=\"advgb-icon-opened\" fill=\"#000000\" xmlns=\"http:\/\/www.w3.org\/2000\/svg\" width=\"24\" height=\"24\" viewBox=\"0 0 24 24\"><path fill=\"none\" d=\"M0,0h24v24H0V0z\"><\/path><path d=\"M7.41,18.59L8.83,20L12,16.83L15.17,20l1.41-1.41L12,14L7.41,18.59z M16.59,5.41L15.17,4L12,7.17L8.83,4L7.41,5.41L12,10L16.59,5.41z\"><\/path><\/svg><\/span><h6 class=\"advgb-accordion-header-title\" style=\"color:inherit\">Au sommaire de ce document<\/h6><\/div><div class=\"advgb-accordion-body\" style=\"border-style:solid !important;border-width:0px !important;border-color:undefined !important;border-top:none !important;border-radius:2px !important\">\n<h2 class=\"wp-block-heading has-small-font-size\">Qu&rsquo;est-ce qu&rsquo;un portfolio<\/h2>\n\n\n\n<h2 class=\"wp-block-heading has-small-font-size\">Qu&rsquo;est-ce qu&rsquo;un portfolio visant l&rsquo;\u00e9valuation des apprentissages des \u00e9tudiant\u00b7e\u00b7s<\/h2>\n\n\n\n<h2 class=\"wp-block-heading has-small-font-size\">Comment utiliser le portfolio pour \u00e9valuer les apprentissages \u00e0 l&rsquo;universit\u00e9<\/h2>\n\n\n\n<h2 class=\"wp-block-heading has-small-font-size\">Quel est l&rsquo;apport du portfolio pour les \u00e9tudiant\u00b7e\u00b7s universitaires<\/h2>\n\n\n\n<h2 class=\"wp-block-heading has-small-font-size\">Qu&rsquo;est-ce que les portfolios servant \u00e0 l&rsquo;\u00e9valuation des apprentissages peuvent apporter aux enseignant\u00b7e\u00b7s et\/ou responsables de programmes<\/h2>\n\n\n\n<h2 class=\"wp-block-heading has-small-font-size\">Comment utiliser les portfolios de fa\u00e7on \u00e0 ce qu&rsquo;ils ne soient pas trop chronophages<\/h2>\n\n\n\n<h2 class=\"wp-block-heading has-small-font-size\">Comment \u00e9valuer les apprentissages \u00e0 l&rsquo;aide d&rsquo;un portfolio<\/h2>\n\n\n\n<h2 class=\"wp-block-heading has-small-font-size\">\u00c9l\u00e9ments \u00e0 retenir pour la mise en \u0153uvre<\/h2>\n\n\n\n<h2 class=\"wp-block-heading has-small-font-size\">Lectures additionnelles<\/h2>\n\n\n\n<h2 class=\"wp-block-heading has-small-font-size\">Exemples de portfolios<\/h2>\n<\/div><\/div>\n<\/div>\n<\/div>\n\n\n\n<div class=\"wp-block-column infotableau is-layout-flow wp-block-column-is-layout-flow\">\n<div class=\"wp-block-columns infotableaumeta is-layout-flex wp-container-core-columns-is-layout-28f84493 wp-block-columns-is-layout-flex\">\n<div class=\"wp-block-column is-layout-flow wp-block-column-is-layout-flow\">\n<p>Version:<\/p>\n<\/div>\n\n\n\n<div class=\"wp-block-column is-layout-flow wp-block-column-is-layout-flow\">\n<p class=\"highlight\">1.0.0<\/p>\n<\/div>\n<\/div>\n\n\n\n<div class=\"wp-block-columns infotableaumeta is-layout-flex wp-container-core-columns-is-layout-28f84493 wp-block-columns-is-layout-flex\">\n<div class=\"wp-block-column is-layout-flow wp-block-column-is-layout-flow\">\n<p>Date:<\/p>\n<\/div>\n\n\n\n<div class=\"wp-block-column is-layout-flow wp-block-column-is-layout-flow\">\n<p class=\"highlight\">oct. 2010<\/p>\n<\/div>\n<\/div>\n\n\n\n<div class=\"wp-block-columns infotableaumeta is-layout-flex wp-container-core-columns-is-layout-28f84493 wp-block-columns-is-layout-flex\">\n<div class=\"wp-block-column is-layout-flow wp-block-column-is-layout-flow\">\n<p>Format:<\/p>\n<\/div>\n\n\n\n<div class=\"wp-block-column is-layout-flow wp-block-column-is-layout-flow\">\n<p class=\"highlight\">PDF<\/p>\n<\/div>\n<\/div>\n\n\n\n<div class=\"wp-block-columns infotableaumeta is-layout-flex wp-container-core-columns-is-layout-28f84493 wp-block-columns-is-layout-flex\">\n<div class=\"wp-block-column is-layout-flow wp-block-column-is-layout-flow\">\n<p class=\"infotitle\">Licence:<\/p>\n<\/div>\n\n\n\n<div class=\"wp-block-column is-layout-flow wp-block-column-is-layout-flow\">\n<p class=\"highlight\">BY-NC-ND<\/p>\n<\/div>\n<\/div>\n\n\n\n<div class=\"wp-block-columns infotableaumeta is-layout-flex wp-container-core-columns-is-layout-28f84493 wp-block-columns-is-layout-flex\">\n<div class=\"wp-block-column is-layout-flow wp-block-column-is-layout-flow\">\n<p>Auteur\u00b7e(\u00b7s):<\/p>\n<\/div>\n\n\n\n<div class=\"wp-block-column is-layout-flow wp-block-column-is-layout-flow\">\n<p class=\"highlight\">D. Berthiaume<br>A. Daele<\/p>\n<\/div>\n<\/div>\n<\/div>\n<\/div>\n\n\n\n<div data-wp-interactive=\"core\/file\" class=\"wp-block-file\"><object data-wp-bind--hidden=\"!state.hasPdfPreview\" hidden class=\"wp-block-file__embed\" data=\"https:\/\/enseigner.unil.ch\/ressources\/wp-content\/uploads\/memento_portfolio.pdf\" type=\"application\/pdf\" style=\"width:100%;height:600px\" aria-label=\"Contenu embarqu\u00e9 Evaluer les apprentissages des \u00e9tudiant\u00b7e\u00b7s \u00e0 l\u2019aide du portfolio.\"><\/object><a id=\"wp-block-file--media-08a4e78e-58ee-4fba-a03b-b41935e842f8\" href=\"https:\/\/enseigner.unil.ch\/ressources\/wp-content\/uploads\/memento_portfolio.pdf\">Evaluer les apprentissages des \u00e9tudiant\u00b7e\u00b7s \u00e0 l\u2019aide du portfolio<\/a><a href=\"https:\/\/enseigner.unil.ch\/ressources\/wp-content\/uploads\/memento_portfolio.pdf\" class=\"wp-block-file__button wp-element-button\" download aria-describedby=\"wp-block-file--media-08a4e78e-58ee-4fba-a03b-b41935e842f8\">T\u00e9l\u00e9charger<\/a><\/div>\n","protected":false},"excerpt":{"rendered":"<p>Pr\u00e9sentation de l&rsquo;outil portfolio et de son utilisation \u00e0 des fins d&rsquo;\u00e9valuation des apprentissages \u00e0 l&rsquo;universit\u00e9.<\/p>\n","protected":false},"author":5,"featured_media":3707,"parent":0,"comment_status":"open","ping_status":"open","template":"","format":"standard","meta":{"_uag_custom_page_level_css":"","advgb_blocks_editor_width":"","advgb_blocks_columns_visual_guide":"","footnotes":""},"competences":[195],"formats":[220],"outilsnumeriques":[],"thematiques":[256],"class_list":["post-3644","cptdocument","type-cptdocument","status-publish","format-standard","has-post-thumbnail","hentry","competences-evaluer","formats-memos","thematiques-feedback"],"uagb_featured_image_src":{"full":["https:\/\/enseigner.unil.ch\/ressources\/wp-content\/uploads\/memo_portfolio_couverture.png",1034,1462,false],"thumbnail":["https:\/\/enseigner.unil.ch\/ressources\/wp-content\/uploads\/memo_portfolio_couverture-150x150.png",150,150,true],"medium":["https:\/\/enseigner.unil.ch\/ressources\/wp-content\/uploads\/memo_portfolio_couverture-212x300.png",212,300,true],"medium_large":["https:\/\/enseigner.unil.ch\/ressources\/wp-content\/uploads\/memo_portfolio_couverture-768x1086.png",768,1086,true],"large":["https:\/\/enseigner.unil.ch\/ressources\/wp-content\/uploads\/memo_portfolio_couverture-724x1024.png",724,1024,true],"1536x1536":["https:\/\/enseigner.unil.ch\/ressources\/wp-content\/uploads\/memo_portfolio_couverture.png",1034,1462,false],"2048x2048":["https:\/\/enseigner.unil.ch\/ressources\/wp-content\/uploads\/memo_portfolio_couverture.png",1034,1462,false],"mailpoet_newsletter_max":["https:\/\/enseigner.unil.ch\/ressources\/wp-content\/uploads\/memo_portfolio_couverture.png",1034,1462,false]},"uagb_author_info":{"display_name":"CSE","author_link":"https:\/\/enseigner.unil.ch\/ressources\/author\/cseunil-ch\/"},"uagb_comment_info":0,"uagb_excerpt":"Pr\u00e9sentation de l'outil portfolio et de son utilisation \u00e0 des fins d'\u00e9valuation des apprentissages \u00e0 l'universit\u00e9.","featured_img":"https:\/\/enseigner.unil.ch\/ressources\/wp-content\/uploads\/memo_portfolio_couverture.png","coauthors":[],"author_meta":{"author_link":"https:\/\/enseigner.unil.ch\/ressources\/author\/cseunil-ch\/","display_name":"CSE"},"relative_dates":{"created":"Publi\u00e9 16 ans il y a","modified":"Mis \u00e0 jour 4 mois il y a"},"absolute_dates":{"created":"Publi\u00e9 le 05\/10\/2010","modified":"Mise \u00e0 jour le 05\/01\/2026"},"absolute_dates_time":{"created":"Publi\u00e9 le 05\/10\/2010 3:56 pm","modified":"Mise \u00e0 jour le 05\/01\/2026 1:08 pm"},"featured_img_caption":"","tax_additional":{"competences":{"linked":["<a href=\"https:\/\/enseigner.unil.ch\/ressources\/competences\/evaluer\/\" class=\"advgb-post-tax-term\">Evaluer<\/a>"],"unlinked":["<span class=\"advgb-post-tax-term\">Evaluer<\/span>"],"slug":"competences","name":"Types de comp\u00e9tences"},"formats":{"linked":["<a href=\"https:\/\/enseigner.unil.ch\/ressources\/formats\/memos\/\" class=\"advgb-post-tax-term\">Les m\u00e9mos du CSE<\/a>"],"unlinked":["<span class=\"advgb-post-tax-term\">Les m\u00e9mos du CSE<\/span>"],"slug":"formats","name":"Types de format"},"outilsnumeriques":{"linked":[],"unlinked":[],"slug":"outilsnumeriques","name":"Types d outils num\u00e9riques"},"thematiques":{"linked":["<a href=\"https:\/\/enseigner.unil.ch\/ressources\/thematiques\/feedback\/\" class=\"advgb-post-tax-term\">\u00c9valuation des apprentissages<\/a>"],"unlinked":["<span class=\"advgb-post-tax-term\">\u00c9valuation des apprentissages<\/span>"],"slug":"thematiques","name":"Types de thematiques"}},"series_order":"","_links":{"self":[{"href":"https:\/\/enseigner.unil.ch\/ressources\/wp-json\/wp\/v2\/cptdocument\/3644","targetHints":{"allow":["GET"]}}],"collection":[{"href":"https:\/\/enseigner.unil.ch\/ressources\/wp-json\/wp\/v2\/cptdocument"}],"about":[{"href":"https:\/\/enseigner.unil.ch\/ressources\/wp-json\/wp\/v2\/types\/cptdocument"}],"author":[{"embeddable":true,"href":"https:\/\/enseigner.unil.ch\/ressources\/wp-json\/wp\/v2\/users\/5"}],"replies":[{"embeddable":true,"href":"https:\/\/enseigner.unil.ch\/ressources\/wp-json\/wp\/v2\/comments?post=3644"}],"version-history":[{"count":7,"href":"https:\/\/enseigner.unil.ch\/ressources\/wp-json\/wp\/v2\/cptdocument\/3644\/revisions"}],"predecessor-version":[{"id":11759,"href":"https:\/\/enseigner.unil.ch\/ressources\/wp-json\/wp\/v2\/cptdocument\/3644\/revisions\/11759"}],"wp:featuredmedia":[{"embeddable":true,"href":"https:\/\/enseigner.unil.ch\/ressources\/wp-json\/wp\/v2\/media\/3707"}],"wp:attachment":[{"href":"https:\/\/enseigner.unil.ch\/ressources\/wp-json\/wp\/v2\/media?parent=3644"}],"wp:term":[{"taxonomy":"competences","embeddable":true,"href":"https:\/\/enseigner.unil.ch\/ressources\/wp-json\/wp\/v2\/competences?post=3644"},{"taxonomy":"formats","embeddable":true,"href":"https:\/\/enseigner.unil.ch\/ressources\/wp-json\/wp\/v2\/formats?post=3644"},{"taxonomy":"outilsnumeriques","embeddable":true,"href":"https:\/\/enseigner.unil.ch\/ressources\/wp-json\/wp\/v2\/outilsnumeriques?post=3644"},{"taxonomy":"thematiques","embeddable":true,"href":"https:\/\/enseigner.unil.ch\/ressources\/wp-json\/wp\/v2\/thematiques?post=3644"}],"curies":[{"name":"wp","href":"https:\/\/api.w.org\/{rel}","templated":true}]}}