{"id":3662,"date":"2012-09-13T15:54:30","date_gmt":"2012-09-13T13:54:30","guid":{"rendered":"https:\/\/enseigner.unil.ch\/ressources\/?post_type=cptdocument&#038;p=3662"},"modified":"2026-01-05T13:38:49","modified_gmt":"2026-01-05T12:38:49","slug":"pourquoi-utiliser-des-visuels-et-des-logiciels-de-presentation","status":"publish","type":"cptdocument","link":"https:\/\/enseigner.unil.ch\/ressources\/document\/pourquoi-utiliser-des-visuels-et-des-logiciels-de-presentation\/","title":{"rendered":"Pourquoi utiliser des visuels et des logiciels de pr\u00e9sentation ?"},"content":{"rendered":"\n<div class=\"wp-block-columns is-layout-flex wp-container-core-columns-is-layout-28f84493 wp-block-columns-is-layout-flex\">\n<div class=\"wp-block-column infotableau is-layout-flow wp-block-column-is-layout-flow\">\n<p>Ce document explique quels peuvent \u00eatre les b\u00e9n\u00e9fices pour l&rsquo;apprentissage \u00e0 utiliser des visuels et des logiciels de pr\u00e9sentation dans un enseignement. Il illustre \u00e9galement les principes de base pour concevoir et pr\u00e9senter un support visuel de mani\u00e8re \u00e0 favoriser l\u2019attention, la m\u00e9morisation et la compr\u00e9hension de ses \u00e9tudiant\u00b7es.<\/p>\n<\/div>\n\n\n\n<div class=\"wp-block-column infotableau is-layout-flow wp-block-column-is-layout-flow\">\n<div class=\"wp-block-columns infotableaumeta is-layout-flex wp-container-core-columns-is-layout-28f84493 wp-block-columns-is-layout-flex\">\n<div class=\"wp-block-column is-layout-flow wp-block-column-is-layout-flow\">\n<p>Version:<\/p>\n<\/div>\n\n\n\n<div class=\"wp-block-column is-layout-flow wp-block-column-is-layout-flow\">\n<p class=\"highlight\">2.0.0<\/p>\n<\/div>\n<\/div>\n\n\n\n<div class=\"wp-block-columns infotableaumeta is-layout-flex wp-container-core-columns-is-layout-28f84493 wp-block-columns-is-layout-flex\">\n<div class=\"wp-block-column is-layout-flow wp-block-column-is-layout-flow\">\n<p>Date:<\/p>\n<\/div>\n\n\n\n<div class=\"wp-block-column is-layout-flow wp-block-column-is-layout-flow\">\n<p class=\"highlight\">2012<\/p>\n<\/div>\n<\/div>\n\n\n\n<div class=\"wp-block-columns infotableaumeta is-layout-flex wp-container-core-columns-is-layout-28f84493 wp-block-columns-is-layout-flex\">\n<div class=\"wp-block-column is-layout-flow wp-block-column-is-layout-flow\">\n<p>Format:<\/p>\n<\/div>\n\n\n\n<div class=\"wp-block-column is-layout-flow wp-block-column-is-layout-flow\">\n<p class=\"highlight\">PDF<\/p>\n<\/div>\n<\/div>\n\n\n\n<div class=\"wp-block-columns infotableaumeta is-layout-flex wp-container-core-columns-is-layout-28f84493 wp-block-columns-is-layout-flex\">\n<div class=\"wp-block-column is-layout-flow wp-block-column-is-layout-flow\">\n<p class=\"infotitle\">Licence:<\/p>\n<\/div>\n\n\n\n<div class=\"wp-block-column is-layout-flow wp-block-column-is-layout-flow\">\n<p class=\"highlight\">BY-NC-ND<\/p>\n<\/div>\n<\/div>\n\n\n\n<div class=\"wp-block-columns infotableaumeta is-layout-flex wp-container-core-columns-is-layout-28f84493 wp-block-columns-is-layout-flex\">\n<div class=\"wp-block-column is-layout-flow wp-block-column-is-layout-flow\">\n<p>Auteur\u00b7e(\u00b7s):<\/p>\n<\/div>\n\n\n\n<div class=\"wp-block-column is-layout-flow wp-block-column-is-layout-flow\">\n<p class=\"highlight\">J. Lanar\u00e8s<\/p>\n<\/div>\n<\/div>\n<\/div>\n<\/div>\n\n\n\n<div data-wp-interactive=\"core\/file\" class=\"wp-block-file\"><object data-wp-bind--hidden=\"!state.hasPdfPreview\" hidden class=\"wp-block-file__embed\" data=\"https:\/\/enseigner.unil.ch\/ressources\/wp-content\/uploads\/UNIL-CSE_visuels_presentation.pdf\" type=\"application\/pdf\" style=\"width:100%;height:600px\" aria-label=\"Contenu embarqu\u00e9 Pourquoi utiliser des visuels et des logiciels de pr\u00e9sentation?.\"><\/object><a id=\"wp-block-file--media-e49ac890-1e2f-46ae-b3b4-25b598e2b59b\" href=\"https:\/\/enseigner.unil.ch\/ressources\/wp-content\/uploads\/UNIL-CSE_visuels_presentation.pdf\">Pourquoi utiliser des visuels et des logiciels de pr\u00e9sentation?<\/a><a href=\"https:\/\/enseigner.unil.ch\/ressources\/wp-content\/uploads\/UNIL-CSE_visuels_presentation.pdf\" class=\"wp-block-file__button wp-element-button\" download aria-describedby=\"wp-block-file--media-e49ac890-1e2f-46ae-b3b4-25b598e2b59b\">T\u00e9l\u00e9charger<\/a><\/div>\n","protected":false},"excerpt":{"rendered":"<p>Pr\u00e9sentation des b\u00e9n\u00e9fices de l&rsquo;utilisation de visuels et de logiciels de pr\u00e9sentation dans un enseignement.<\/p>\n","protected":false},"author":5,"featured_media":3716,"parent":0,"comment_status":"open","ping_status":"open","template":"","format":"standard","meta":{"_uag_custom_page_level_css":"","advgb_blocks_editor_width":"","advgb_blocks_columns_visual_guide":"","footnotes":""},"competences":[192],"formats":[],"outilsnumeriques":[],"thematiques":[],"class_list":["post-3662","cptdocument","type-cptdocument","status-publish","format-standard","has-post-thumbnail","hentry","competences-communiquer"],"uagb_featured_image_src":{"full":["https:\/\/enseigner.unil.ch\/ressources\/wp-content\/uploads\/visuels_presentation_couverture.png",1034,1462,false],"thumbnail":["https:\/\/enseigner.unil.ch\/ressources\/wp-content\/uploads\/visuels_presentation_couverture-150x150.png",150,150,true],"medium":["https:\/\/enseigner.unil.ch\/ressources\/wp-content\/uploads\/visuels_presentation_couverture-212x300.png",212,300,true],"medium_large":["https:\/\/enseigner.unil.ch\/ressources\/wp-content\/uploads\/visuels_presentation_couverture-768x1086.png",768,1086,true],"large":["https:\/\/enseigner.unil.ch\/ressources\/wp-content\/uploads\/visuels_presentation_couverture-724x1024.png",724,1024,true],"1536x1536":["https:\/\/enseigner.unil.ch\/ressources\/wp-content\/uploads\/visuels_presentation_couverture.png",1034,1462,false],"2048x2048":["https:\/\/enseigner.unil.ch\/ressources\/wp-content\/uploads\/visuels_presentation_couverture.png",1034,1462,false],"mailpoet_newsletter_max":["https:\/\/enseigner.unil.ch\/ressources\/wp-content\/uploads\/visuels_presentation_couverture.png",1034,1462,false]},"uagb_author_info":{"display_name":"CSE","author_link":"https:\/\/enseigner.unil.ch\/ressources\/author\/cseunil-ch\/"},"uagb_comment_info":0,"uagb_excerpt":"Pr\u00e9sentation des b\u00e9n\u00e9fices de l'utilisation de visuels et de logiciels de pr\u00e9sentation dans un enseignement.","featured_img":"https:\/\/enseigner.unil.ch\/ressources\/wp-content\/uploads\/visuels_presentation_couverture.png","coauthors":[],"author_meta":{"author_link":"https:\/\/enseigner.unil.ch\/ressources\/author\/cseunil-ch\/","display_name":"CSE"},"relative_dates":{"created":"Publi\u00e9 14 ans il y a","modified":"Mis \u00e0 jour 4 mois il y a"},"absolute_dates":{"created":"Publi\u00e9 le 13\/09\/2012","modified":"Mise \u00e0 jour le 05\/01\/2026"},"absolute_dates_time":{"created":"Publi\u00e9 le 13\/09\/2012 3:54 pm","modified":"Mise \u00e0 jour le 05\/01\/2026 1:38 pm"},"featured_img_caption":"","tax_additional":{"competences":{"linked":["<a href=\"https:\/\/enseigner.unil.ch\/ressources\/competences\/communiquer\/\" class=\"advgb-post-tax-term\">Communiquer<\/a>"],"unlinked":["<span class=\"advgb-post-tax-term\">Communiquer<\/span>"],"slug":"competences","name":"Types de comp\u00e9tences"},"formats":{"linked":[],"unlinked":[],"slug":"formats","name":"Types de format"},"outilsnumeriques":{"linked":[],"unlinked":[],"slug":"outilsnumeriques","name":"Types d outils num\u00e9riques"},"thematiques":{"linked":[],"unlinked":[],"slug":"thematiques","name":"Types de thematiques"}},"series_order":"","_links":{"self":[{"href":"https:\/\/enseigner.unil.ch\/ressources\/wp-json\/wp\/v2\/cptdocument\/3662","targetHints":{"allow":["GET"]}}],"collection":[{"href":"https:\/\/enseigner.unil.ch\/ressources\/wp-json\/wp\/v2\/cptdocument"}],"about":[{"href":"https:\/\/enseigner.unil.ch\/ressources\/wp-json\/wp\/v2\/types\/cptdocument"}],"author":[{"embeddable":true,"href":"https:\/\/enseigner.unil.ch\/ressources\/wp-json\/wp\/v2\/users\/5"}],"replies":[{"embeddable":true,"href":"https:\/\/enseigner.unil.ch\/ressources\/wp-json\/wp\/v2\/comments?post=3662"}],"version-history":[{"count":2,"href":"https:\/\/enseigner.unil.ch\/ressources\/wp-json\/wp\/v2\/cptdocument\/3662\/revisions"}],"predecessor-version":[{"id":11800,"href":"https:\/\/enseigner.unil.ch\/ressources\/wp-json\/wp\/v2\/cptdocument\/3662\/revisions\/11800"}],"wp:featuredmedia":[{"embeddable":true,"href":"https:\/\/enseigner.unil.ch\/ressources\/wp-json\/wp\/v2\/media\/3716"}],"wp:attachment":[{"href":"https:\/\/enseigner.unil.ch\/ressources\/wp-json\/wp\/v2\/media?parent=3662"}],"wp:term":[{"taxonomy":"competences","embeddable":true,"href":"https:\/\/enseigner.unil.ch\/ressources\/wp-json\/wp\/v2\/competences?post=3662"},{"taxonomy":"formats","embeddable":true,"href":"https:\/\/enseigner.unil.ch\/ressources\/wp-json\/wp\/v2\/formats?post=3662"},{"taxonomy":"outilsnumeriques","embeddable":true,"href":"https:\/\/enseigner.unil.ch\/ressources\/wp-json\/wp\/v2\/outilsnumeriques?post=3662"},{"taxonomy":"thematiques","embeddable":true,"href":"https:\/\/enseigner.unil.ch\/ressources\/wp-json\/wp\/v2\/thematiques?post=3662"}],"curies":[{"name":"wp","href":"https:\/\/api.w.org\/{rel}","templated":true}]}}