{"id":5285,"date":"2020-04-21T14:09:49","date_gmt":"2020-04-21T12:09:49","guid":{"rendered":"https:\/\/enseigner.unil.ch\/ressources\/?post_type=cptenseigner&#038;p=5285"},"modified":"2026-01-05T13:31:15","modified_gmt":"2026-01-05T12:31:15","slug":"comment-interagir-avec-mes-etudiant%c2%b7e%c2%b7s-sur-moodle","status":"publish","type":"cptdocument","link":"https:\/\/enseigner.unil.ch\/ressources\/document\/comment-interagir-avec-mes-etudiant%c2%b7e%c2%b7s-sur-moodle\/","title":{"rendered":"Comment interagir avec mes \u00e9tudiant\u00b7es sur Moodle"},"content":{"rendered":"\n<div class=\"wp-block-columns is-layout-flex wp-container-core-columns-is-layout-28f84493 wp-block-columns-is-layout-flex\">\n<div class=\"wp-block-column infotableau is-layout-flow wp-block-column-is-layout-flow\">\n<p>Cette s\u00e9rie de 6 petits guides p\u00e9dagogiques donne des id\u00e9es concr\u00e8tes d\u2019outils et de fonctionnalit\u00e9s existantes sur Moodle pour interagir avec ses \u00e9tudiant\u00b7e\u00b7s.<\/p>\n\n\n\n<p><em>Un modules d&rsquo;apprentissage en ligne est \u00e9galement propos\u00e9 aux membres du corps enseignant de l&rsquo;Unil pour d\u00e9couvrir et utiliser la plateforme Moodle.<\/em> <em>Lien d&rsquo;acc\u00e8s sur <a href=\"https:\/\/courses.unil.ch\/cse\" target=\"_blank\" rel=\"noreferrer noopener\">courses.unil.ch\/cse<\/a>.<\/em><\/p>\n<\/div>\n\n\n\n<div class=\"wp-block-column infotableau is-layout-flow wp-block-column-is-layout-flow\">\n<div class=\"wp-block-columns infotableaumeta is-layout-flex wp-container-core-columns-is-layout-28f84493 wp-block-columns-is-layout-flex\">\n<div class=\"wp-block-column is-layout-flow wp-block-column-is-layout-flow\">\n<p>Version:<\/p>\n<\/div>\n\n\n\n<div class=\"wp-block-column is-layout-flow wp-block-column-is-layout-flow\">\n<p class=\"highlight\">1.0.0<\/p>\n<\/div>\n<\/div>\n\n\n\n<div class=\"wp-block-columns infotableaumeta is-layout-flex wp-container-core-columns-is-layout-28f84493 wp-block-columns-is-layout-flex\">\n<div class=\"wp-block-column is-layout-flow wp-block-column-is-layout-flow\">\n<p>Date:<\/p>\n<\/div>\n\n\n\n<div class=\"wp-block-column is-layout-flow wp-block-column-is-layout-flow\">\n<p class=\"highlight\">2020<\/p>\n<\/div>\n<\/div>\n\n\n\n<div class=\"wp-block-columns infotableaumeta is-layout-flex wp-container-core-columns-is-layout-28f84493 wp-block-columns-is-layout-flex\">\n<div class=\"wp-block-column is-layout-flow wp-block-column-is-layout-flow\">\n<p>Format:<\/p>\n<\/div>\n\n\n\n<div class=\"wp-block-column is-layout-flow wp-block-column-is-layout-flow\">\n<p class=\"highlight\">PDF<\/p>\n<\/div>\n<\/div>\n\n\n\n<div class=\"wp-block-columns infotableaumeta is-layout-flex wp-container-core-columns-is-layout-28f84493 wp-block-columns-is-layout-flex\">\n<div class=\"wp-block-column is-layout-flow wp-block-column-is-layout-flow\">\n<p class=\"infotitle\">Licence:<\/p>\n<\/div>\n\n\n\n<div class=\"wp-block-column is-layout-flow wp-block-column-is-layout-flow\">\n<p class=\"highlight\">BY-NC-ND<\/p>\n<\/div>\n<\/div>\n\n\n\n<div class=\"wp-block-columns infotableaumeta is-layout-flex wp-container-core-columns-is-layout-28f84493 wp-block-columns-is-layout-flex\">\n<div class=\"wp-block-column is-layout-flow wp-block-column-is-layout-flow\">\n<p>Auteur\u00b7e(\u00b7s):<\/p>\n<\/div>\n\n\n\n<div class=\"wp-block-column is-layout-flow wp-block-column-is-layout-flow\">\n<p class=\"highlight\">CSE<\/p>\n<\/div>\n<\/div>\n<\/div>\n<\/div>\n\n\n\n<div class=\"wp-block-advgb-accordions advgb-accordions-b6e08de5-4fb8-4020-be3b-4c6953cb0bdb advgb-accordion-wrapper\" data-collapsed=\"true\">\n<div class=\"wp-block-advgb-accordion-item advgb-accordion-item sommaire-h2\" style=\"margin-bottom:15px\"><div class=\"advgb-accordion-header\" style=\"background-color:#FFFFFF;color:#000000;border-style:solid;border-width:0px;border-radius:2px\"><span class=\"advgb-accordion-header-icon accordion-state\"><svg class=\"advgb-icon-closed\" fill=\"#000000\" xmlns=\"http:\/\/www.w3.org\/2000\/svg\" width=\"24\" height=\"24\" viewBox=\"0 0 24 24\"><path fill=\"none\" d=\"M0,0h24v24H0V0z\"><\/path><path d=\"M12,5.83L15.17,9l1.41-1.41L12,3L7.41,7.59L8.83,9L12,5.83z M12,18.17L8.83,15l-1.41,1.41L12,21l4.59-4.59L15.17,15 L12,18.17z\"><\/path><\/svg><svg class=\"advgb-icon-opened\" fill=\"#000000\" xmlns=\"http:\/\/www.w3.org\/2000\/svg\" width=\"24\" height=\"24\" viewBox=\"0 0 24 24\"><path fill=\"none\" d=\"M0,0h24v24H0V0z\"><\/path><path d=\"M7.41,18.59L8.83,20L12,16.83L15.17,20l1.41-1.41L12,14L7.41,18.59z M16.59,5.41L15.17,4L12,7.17L8.83,4L7.41,5.41L12,10L16.59,5.41z\"><\/path><\/svg><\/span><h6 class=\"advgb-accordion-header-title\" style=\"color:inherit\">Guides disponibles<\/h6><\/div><div class=\"advgb-accordion-body\" style=\"border-style:solid !important;border-width:0px !important;border-color:undefined !important;border-top:none !important;border-radius:2px !important\">\n<h2 class=\"wp-block-heading has-small-font-size\"><a href=\"https:\/\/enseigner.unil.ch\/ressources\/document\/comment-capter-lattention-de-mes-etudiants-dans-moodle\/\" target=\"_blank\" rel=\"noreferrer noopener\">Capter l&rsquo;attention de mes \u00e9tudiant\u00b7es<\/a><\/h2>\n\n\n\n<h2 class=\"wp-block-heading has-small-font-size\"><a href=\"https:\/\/enseigner.unil.ch\/ressources\/document\/comment-communiquer-avec-mes-etudiants-grace-a-moodle\/\" target=\"_blank\" rel=\"noreferrer noopener\">Communiquer avec ses \u00e9tudiant\u00b7es<\/a><\/h2>\n\n\n\n<h2 class=\"wp-block-heading has-small-font-size\"><a href=\"https:\/\/enseigner.unil.ch\/ressources\/document\/comment-creer-des-activities-pratiques-pour-mes-etudiants-sur-moodle\/\" target=\"_blank\" rel=\"noreferrer noopener\">G\u00e9rer des activit\u00e9s pratiques<\/a><\/h2>\n\n\n\n<h2 class=\"wp-block-heading has-small-font-size\"><a href=\"https:\/\/enseigner.unil.ch\/ressources\/document\/comment-guider-mes-etudiants-dans-leurs-apprentissages-grace-a-moodle\/\" target=\"_blank\" rel=\"noreferrer noopener\">Guider mes \u00e9tudiant\u00b7es \u00e0 travers le contenu<\/a><\/h2>\n\n\n\n<h2 class=\"wp-block-heading has-small-font-size\"><a href=\"https:\/\/enseigner.unil.ch\/ressources\/document\/comment-motiver-mes-etudiants\/\" target=\"_blank\" rel=\"noreferrer noopener\">Motiver mes \u00e9tudiant\u00b7es<\/a><\/h2>\n\n\n\n<h2 class=\"wp-block-heading has-small-font-size\"><a href=\"https:\/\/enseigner.unil.ch\/ressources\/document\/comment-transmettre-un-feedback-a-mes-etudiants-sur-moodle\/\" target=\"_blank\" rel=\"noreferrer noopener\">Transmettre un feedback \u00e0 mes \u00e9tudiant\u00b7es<\/a><\/h2>\n<\/div><\/div>\n<\/div>\n\n\n\n\t\t\t<div class=\"wp-block-uagb-post-grid uagb-post-grid  uagb-post__image-position-top uagb-post__image-enabled uagb-block-315b2ce1     uagb-post__items uagb-post__columns-3 is-grid uagb-post__columns-tablet-2 uagb-post__columns-mobile-1 uagb-post__equal-height\" data-total=\"2\" style=\"\">\n\n\t\t\t\t\t\t\t\t\t\t\t\t<article class=\"uagb-post__inner-wrap\">\t\t\t\t\t\t\t\t<div class='uagb-post__image'>\n\t\t\t\t\t\t\t\t\t<a href=\"https:\/\/enseigner.unil.ch\/ressources\/document\/boite-a-outils-pedagogiques-atypie-friendly-bop\/\" target=\"_self\" rel=\"bookmark noopener noreferrer\" class='uagb-image-ratio-inherit'><img loading=\"lazy\" decoding=\"async\" width=\"1024\" height=\"907\" src=\"https:\/\/enseigner.unil.ch\/ressources\/wp-content\/uploads\/bop_couverture-1024x907.jpg\" class=\"attachment-large size-large\" alt=\"\" srcset=\"https:\/\/enseigner.unil.ch\/ressources\/wp-content\/uploads\/bop_couverture-1024x907.jpg 1024w, https:\/\/enseigner.unil.ch\/ressources\/wp-content\/uploads\/bop_couverture-300x266.jpg 300w, https:\/\/enseigner.unil.ch\/ressources\/wp-content\/uploads\/bop_couverture-768x681.jpg 768w, https:\/\/enseigner.unil.ch\/ressources\/wp-content\/uploads\/bop_couverture.jpg 1045w\" sizes=\"auto, (max-width: 1024px) 100vw, 1024px\" \/>\t\t\t\t\t<\/a>\n\t\t\t\t\t\t\t<\/div>\n\t\t\t\t\t\t<h5 class=\"uagb-post__title uagb-post__text\">\n\t\t\t\t<a href=\"https:\/\/enseigner.unil.ch\/ressources\/document\/boite-a-outils-pedagogiques-atypie-friendly-bop\/\" target=\"_self\" rel=\"bookmark noopener noreferrer\">Bo\u00eete \u00e0 outils p\u00e9dagogiques Atypie-Friendly (BOP)<\/a>\n\t\t\t<\/h5>\n\t\t\t\t\t\t<div class='uagb-post__text uagb-post-grid-byline'>\n\t\t\t\t\t\t\t<\/div>\n\t\t\t\n\t\t\t\t\t\t\t\t\t<\/article>\n\t\t\t\t\t\t\t\t\t\t\t\t\t\t\t\t<article class=\"uagb-post__inner-wrap\">\t\t\t\t\t\t\t\t<div class='uagb-post__image'>\n\t\t\t\t\t\t\t\t\t<a href=\"https:\/\/enseigner.unil.ch\/ressources\/document\/comment-capter-lattention-de-mes-etudiants-dans-moodle\/\" target=\"_self\" rel=\"bookmark noopener noreferrer\" class='uagb-image-ratio-inherit'><img loading=\"lazy\" decoding=\"async\" width=\"723\" height=\"1024\" src=\"https:\/\/enseigner.unil.ch\/ressources\/wp-content\/uploads\/moodle_capter_lattention_couverture-723x1024.png\" class=\"attachment-large size-large\" alt=\"\" srcset=\"https:\/\/enseigner.unil.ch\/ressources\/wp-content\/uploads\/moodle_capter_lattention_couverture-723x1024.png 723w, https:\/\/enseigner.unil.ch\/ressources\/wp-content\/uploads\/moodle_capter_lattention_couverture-212x300.png 212w, https:\/\/enseigner.unil.ch\/ressources\/wp-content\/uploads\/moodle_capter_lattention_couverture-768x1088.png 768w, https:\/\/enseigner.unil.ch\/ressources\/wp-content\/uploads\/moodle_capter_lattention_couverture.png 1076w\" sizes=\"auto, (max-width: 723px) 100vw, 723px\" \/>\t\t\t\t\t<\/a>\n\t\t\t\t\t\t\t<\/div>\n\t\t\t\t\t\t<h5 class=\"uagb-post__title uagb-post__text\">\n\t\t\t\t<a href=\"https:\/\/enseigner.unil.ch\/ressources\/document\/comment-capter-lattention-de-mes-etudiants-dans-moodle\/\" target=\"_self\" rel=\"bookmark noopener noreferrer\">Comment capter l&rsquo;attention de mes \u00e9tudiant\u00b7es dans Moodle?<\/a>\n\t\t\t<\/h5>\n\t\t\t\t\t\t<div class='uagb-post__text uagb-post-grid-byline'>\n\t\t\t\t\t\t\t<\/div>\n\t\t\t\n\t\t\t\t\t\t\t\t\t<\/article>\n\t\t\t\t\t\t\t\t\t\t\t\t\t\t\t\t<article class=\"uagb-post__inner-wrap\">\t\t\t\t\t\t\t\t<div class='uagb-post__image'>\n\t\t\t\t\t\t\t\t\t<a href=\"https:\/\/enseigner.unil.ch\/ressources\/document\/comment-communiquer-avec-mes-etudiants-grace-a-moodle\/\" target=\"_self\" rel=\"bookmark noopener noreferrer\" class='uagb-image-ratio-inherit'><img loading=\"lazy\" decoding=\"async\" width=\"723\" height=\"1024\" src=\"https:\/\/enseigner.unil.ch\/ressources\/wp-content\/uploads\/moodle_communiquer_couverture-723x1024.png\" class=\"attachment-large size-large\" alt=\"\" srcset=\"https:\/\/enseigner.unil.ch\/ressources\/wp-content\/uploads\/moodle_communiquer_couverture-723x1024.png 723w, https:\/\/enseigner.unil.ch\/ressources\/wp-content\/uploads\/moodle_communiquer_couverture-212x300.png 212w, https:\/\/enseigner.unil.ch\/ressources\/wp-content\/uploads\/moodle_communiquer_couverture-768x1088.png 768w, https:\/\/enseigner.unil.ch\/ressources\/wp-content\/uploads\/moodle_communiquer_couverture.png 1072w\" sizes=\"auto, (max-width: 723px) 100vw, 723px\" \/>\t\t\t\t\t<\/a>\n\t\t\t\t\t\t\t<\/div>\n\t\t\t\t\t\t<h5 class=\"uagb-post__title uagb-post__text\">\n\t\t\t\t<a href=\"https:\/\/enseigner.unil.ch\/ressources\/document\/comment-communiquer-avec-mes-etudiants-grace-a-moodle\/\" target=\"_self\" rel=\"bookmark noopener noreferrer\">Comment communiquer avec mes \u00e9tudiant\u00b7es gr\u00e2ce \u00e0 Moodle?<\/a>\n\t\t\t<\/h5>\n\t\t\t\t\t\t<div class='uagb-post__text uagb-post-grid-byline'>\n\t\t\t\t\t\t\t<\/div>\n\t\t\t\n\t\t\t\t\t\t\t\t\t<\/article>\n\t\t\t\t\t\t\t\t\t\t\t\t\t\t\t\t<article class=\"uagb-post__inner-wrap\">\t\t\t\t\t\t\t\t<div class='uagb-post__image'>\n\t\t\t\t\t\t\t\t\t<a href=\"https:\/\/enseigner.unil.ch\/ressources\/document\/comment-creer-des-activities-pratiques-pour-mes-etudiants-sur-moodle\/\" target=\"_self\" rel=\"bookmark noopener noreferrer\" class='uagb-image-ratio-inherit'><img loading=\"lazy\" decoding=\"async\" width=\"726\" height=\"1024\" src=\"https:\/\/enseigner.unil.ch\/ressources\/wp-content\/uploads\/moodle_creer_activites_pratiques_couverture-726x1024.png\" class=\"attachment-large size-large\" alt=\"\" srcset=\"https:\/\/enseigner.unil.ch\/ressources\/wp-content\/uploads\/moodle_creer_activites_pratiques_couverture-726x1024.png 726w, https:\/\/enseigner.unil.ch\/ressources\/wp-content\/uploads\/moodle_creer_activites_pratiques_couverture-213x300.png 213w, https:\/\/enseigner.unil.ch\/ressources\/wp-content\/uploads\/moodle_creer_activites_pratiques_couverture-768x1083.png 768w, https:\/\/enseigner.unil.ch\/ressources\/wp-content\/uploads\/moodle_creer_activites_pratiques_couverture.png 1078w\" sizes=\"auto, (max-width: 726px) 100vw, 726px\" \/>\t\t\t\t\t<\/a>\n\t\t\t\t\t\t\t<\/div>\n\t\t\t\t\t\t<h5 class=\"uagb-post__title uagb-post__text\">\n\t\t\t\t<a href=\"https:\/\/enseigner.unil.ch\/ressources\/document\/comment-creer-des-activities-pratiques-pour-mes-etudiants-sur-moodle\/\" target=\"_self\" rel=\"bookmark noopener noreferrer\">Comment cr\u00e9er des activiti\u00e9s pratiques pour mes \u00e9tudiant\u00b7es sur Moodle?<\/a>\n\t\t\t<\/h5>\n\t\t\t\t\t\t<div class='uagb-post__text uagb-post-grid-byline'>\n\t\t\t\t\t\t\t<\/div>\n\t\t\t\n\t\t\t\t\t\t\t\t\t<\/article>\n\t\t\t\t\t\t\t\t\t\t\t\t\t\t\t\t<article class=\"uagb-post__inner-wrap\">\t\t\t\t\t\t\t\t<div class='uagb-post__image'>\n\t\t\t\t\t\t\t\t\t<a href=\"https:\/\/enseigner.unil.ch\/ressources\/document\/comment-guider-mes-etudiants-dans-leurs-apprentissages-grace-a-moodle\/\" target=\"_self\" rel=\"bookmark noopener noreferrer\" class='uagb-image-ratio-inherit'><img loading=\"lazy\" decoding=\"async\" width=\"724\" height=\"1024\" src=\"https:\/\/enseigner.unil.ch\/ressources\/wp-content\/uploads\/moodle_guider_mes_etudiants_couverture-724x1024.png\" class=\"attachment-large size-large\" alt=\"\" srcset=\"https:\/\/enseigner.unil.ch\/ressources\/wp-content\/uploads\/moodle_guider_mes_etudiants_couverture-724x1024.png 724w, https:\/\/enseigner.unil.ch\/ressources\/wp-content\/uploads\/moodle_guider_mes_etudiants_couverture-212x300.png 212w, https:\/\/enseigner.unil.ch\/ressources\/wp-content\/uploads\/moodle_guider_mes_etudiants_couverture-768x1086.png 768w, https:\/\/enseigner.unil.ch\/ressources\/wp-content\/uploads\/moodle_guider_mes_etudiants_couverture.png 1078w\" sizes=\"auto, (max-width: 724px) 100vw, 724px\" \/>\t\t\t\t\t<\/a>\n\t\t\t\t\t\t\t<\/div>\n\t\t\t\t\t\t<h5 class=\"uagb-post__title uagb-post__text\">\n\t\t\t\t<a href=\"https:\/\/enseigner.unil.ch\/ressources\/document\/comment-guider-mes-etudiants-dans-leurs-apprentissages-grace-a-moodle\/\" target=\"_self\" rel=\"bookmark noopener noreferrer\">Comment guider mes \u00e9tudiant\u00b7es dans leurs apprentissages gr\u00e2ce \u00e0 Moodle?<\/a>\n\t\t\t<\/h5>\n\t\t\t\t\t\t<div class='uagb-post__text uagb-post-grid-byline'>\n\t\t\t\t\t\t\t<\/div>\n\t\t\t\n\t\t\t\t\t\t\t\t\t<\/article>\n\t\t\t\t\t\t\t\t\t\t\t\t\t\t\t\t<article class=\"uagb-post__inner-wrap\">\t\t\t\t\t\t\t\t<div class='uagb-post__image'>\n\t\t\t\t\t\t\t\t\t<a href=\"https:\/\/enseigner.unil.ch\/ressources\/document\/comment-motiver-mes-etudiants\/\" target=\"_self\" rel=\"bookmark noopener noreferrer\" class='uagb-image-ratio-inherit'><img loading=\"lazy\" decoding=\"async\" width=\"724\" height=\"1024\" src=\"https:\/\/enseigner.unil.ch\/ressources\/wp-content\/uploads\/moodle_motiver_couverture-724x1024.png\" class=\"attachment-large size-large\" alt=\"\" srcset=\"https:\/\/enseigner.unil.ch\/ressources\/wp-content\/uploads\/moodle_motiver_couverture-724x1024.png 724w, https:\/\/enseigner.unil.ch\/ressources\/wp-content\/uploads\/moodle_motiver_couverture-212x300.png 212w, https:\/\/enseigner.unil.ch\/ressources\/wp-content\/uploads\/moodle_motiver_couverture-768x1086.png 768w, https:\/\/enseigner.unil.ch\/ressources\/wp-content\/uploads\/moodle_motiver_couverture.png 1078w\" sizes=\"auto, (max-width: 724px) 100vw, 724px\" \/>\t\t\t\t\t<\/a>\n\t\t\t\t\t\t\t<\/div>\n\t\t\t\t\t\t<h5 class=\"uagb-post__title uagb-post__text\">\n\t\t\t\t<a href=\"https:\/\/enseigner.unil.ch\/ressources\/document\/comment-motiver-mes-etudiants\/\" target=\"_self\" rel=\"bookmark noopener noreferrer\">Comment motiver mes \u00e9tudiant\u00b7es gr\u00e2ce \u00e0 Moodle?<\/a>\n\t\t\t<\/h5>\n\t\t\t\t\t\t<div class='uagb-post__text uagb-post-grid-byline'>\n\t\t\t\t\t\t\t<\/div>\n\t\t\t\n\t\t\t\t\t\t\t\t\t<\/article>\n\t\t\t\t\t\t\t\t\t\t\t<\/div>\n\t\t\t","protected":false},"excerpt":{"rendered":"<p>6 fiches synth\u00e9tiques et pratiques pour interagir avec ses \u00e9tudiant\u00b7es sur Moodle.<\/p>\n","protected":false},"author":5,"featured_media":3934,"parent":0,"comment_status":"open","ping_status":"open","template":"","format":"standard","meta":{"_uag_custom_page_level_css":"","advgb_blocks_editor_width":"","advgb_blocks_columns_visual_guide":"","footnotes":""},"competences":[196],"formats":[],"outilsnumeriques":[201],"thematiques":[257,263,264],"class_list":["post-5285","cptdocument","type-cptdocument","status-publish","format-standard","has-post-thumbnail","hentry","competences-hybrider","outilsnumeriques-moodle","thematiques-activite","thematiques-motivation","thematiques-numerique"],"uagb_featured_image_src":{"full":["https:\/\/enseigner.unil.ch\/ressources\/wp-content\/uploads\/moodle_motiver_couverture.png",1078,1524,false],"thumbnail":["https:\/\/enseigner.unil.ch\/ressources\/wp-content\/uploads\/moodle_motiver_couverture-150x150.png",150,150,true],"medium":["https:\/\/enseigner.unil.ch\/ressources\/wp-content\/uploads\/moodle_motiver_couverture-212x300.png",212,300,true],"medium_large":["https:\/\/enseigner.unil.ch\/ressources\/wp-content\/uploads\/moodle_motiver_couverture-768x1086.png",768,1086,true],"large":["https:\/\/enseigner.unil.ch\/ressources\/wp-content\/uploads\/moodle_motiver_couverture-724x1024.png",724,1024,true],"1536x1536":["https:\/\/enseigner.unil.ch\/ressources\/wp-content\/uploads\/moodle_motiver_couverture.png",1078,1524,false],"2048x2048":["https:\/\/enseigner.unil.ch\/ressources\/wp-content\/uploads\/moodle_motiver_couverture.png",1078,1524,false],"mailpoet_newsletter_max":["https:\/\/enseigner.unil.ch\/ressources\/wp-content\/uploads\/moodle_motiver_couverture.png",1078,1524,false]},"uagb_author_info":{"display_name":"CSE","author_link":"https:\/\/enseigner.unil.ch\/ressources\/author\/cseunil-ch\/"},"uagb_comment_info":0,"uagb_excerpt":"6 fiches synth\u00e9tiques et pratiques pour interagir avec ses \u00e9tudiant\u00b7es sur Moodle.","featured_img":"https:\/\/enseigner.unil.ch\/ressources\/wp-content\/uploads\/moodle_motiver_couverture.png","coauthors":[],"author_meta":{"author_link":"https:\/\/enseigner.unil.ch\/ressources\/author\/cseunil-ch\/","display_name":"CSE"},"relative_dates":{"created":"Publi\u00e9 6 ans il y a","modified":"Mis \u00e0 jour 4 mois il y a"},"absolute_dates":{"created":"Publi\u00e9 le 21\/04\/2020","modified":"Mise \u00e0 jour le 05\/01\/2026"},"absolute_dates_time":{"created":"Publi\u00e9 le 21\/04\/2020 2:09 pm","modified":"Mise \u00e0 jour le 05\/01\/2026 1:31 pm"},"featured_img_caption":"","tax_additional":{"competences":{"linked":["<a href=\"https:\/\/enseigner.unil.ch\/ressources\/competences\/hybrider\/\" class=\"advgb-post-tax-term\">Hybrider<\/a>"],"unlinked":["<span class=\"advgb-post-tax-term\">Hybrider<\/span>"],"slug":"competences","name":"Types de comp\u00e9tences"},"formats":{"linked":[],"unlinked":[],"slug":"formats","name":"Types de format"},"outilsnumeriques":{"linked":["<a href=\"https:\/\/enseigner.unil.ch\/ressources\/outilsnumeriques\/moodle\/\" class=\"advgb-post-tax-term\">Moodle \/ MoodleExam<\/a>"],"unlinked":["<span class=\"advgb-post-tax-term\">Moodle \/ MoodleExam<\/span>"],"slug":"outilsnumeriques","name":"Types d outils num\u00e9riques"},"thematiques":{"linked":["<a href=\"https:\/\/enseigner.unil.ch\/ressources\/thematiques\/activite\/\" class=\"advgb-post-tax-term\">Activit\u00e9s p\u00e9dagogiques<\/a>","<a href=\"https:\/\/enseigner.unil.ch\/ressources\/thematiques\/motivation\/\" class=\"advgb-post-tax-term\">Motivation des \u00e9tudiant\u00b7es<\/a>","<a href=\"https:\/\/enseigner.unil.ch\/ressources\/thematiques\/numerique\/\" class=\"advgb-post-tax-term\">Outils et pratiques num\u00e9riques<\/a>"],"unlinked":["<span class=\"advgb-post-tax-term\">Activit\u00e9s p\u00e9dagogiques<\/span>","<span class=\"advgb-post-tax-term\">Motivation des \u00e9tudiant\u00b7es<\/span>","<span class=\"advgb-post-tax-term\">Outils et pratiques num\u00e9riques<\/span>"],"slug":"thematiques","name":"Types de thematiques"}},"series_order":"","_links":{"self":[{"href":"https:\/\/enseigner.unil.ch\/ressources\/wp-json\/wp\/v2\/cptdocument\/5285","targetHints":{"allow":["GET"]}}],"collection":[{"href":"https:\/\/enseigner.unil.ch\/ressources\/wp-json\/wp\/v2\/cptdocument"}],"about":[{"href":"https:\/\/enseigner.unil.ch\/ressources\/wp-json\/wp\/v2\/types\/cptdocument"}],"author":[{"embeddable":true,"href":"https:\/\/enseigner.unil.ch\/ressources\/wp-json\/wp\/v2\/users\/5"}],"replies":[{"embeddable":true,"href":"https:\/\/enseigner.unil.ch\/ressources\/wp-json\/wp\/v2\/comments?post=5285"}],"version-history":[{"count":16,"href":"https:\/\/enseigner.unil.ch\/ressources\/wp-json\/wp\/v2\/cptdocument\/5285\/revisions"}],"predecessor-version":[{"id":12107,"href":"https:\/\/enseigner.unil.ch\/ressources\/wp-json\/wp\/v2\/cptdocument\/5285\/revisions\/12107"}],"wp:featuredmedia":[{"embeddable":true,"href":"https:\/\/enseigner.unil.ch\/ressources\/wp-json\/wp\/v2\/media\/3934"}],"wp:attachment":[{"href":"https:\/\/enseigner.unil.ch\/ressources\/wp-json\/wp\/v2\/media?parent=5285"}],"wp:term":[{"taxonomy":"competences","embeddable":true,"href":"https:\/\/enseigner.unil.ch\/ressources\/wp-json\/wp\/v2\/competences?post=5285"},{"taxonomy":"formats","embeddable":true,"href":"https:\/\/enseigner.unil.ch\/ressources\/wp-json\/wp\/v2\/formats?post=5285"},{"taxonomy":"outilsnumeriques","embeddable":true,"href":"https:\/\/enseigner.unil.ch\/ressources\/wp-json\/wp\/v2\/outilsnumeriques?post=5285"},{"taxonomy":"thematiques","embeddable":true,"href":"https:\/\/enseigner.unil.ch\/ressources\/wp-json\/wp\/v2\/thematiques?post=5285"}],"curies":[{"name":"wp","href":"https:\/\/api.w.org\/{rel}","templated":true}]}}