{"id":7677,"date":"2024-06-20T10:22:47","date_gmt":"2024-06-20T08:22:47","guid":{"rendered":"https:\/\/enseigner.unil.ch\/ressources\/?post_type=cptdocument&#038;p=7677"},"modified":"2025-11-21T10:59:21","modified_gmt":"2025-11-21T09:59:21","slug":"la-conception-universelle-de-lapprentissage-cua","status":"publish","type":"cptdocument","link":"https:\/\/enseigner.unil.ch\/ressources\/document\/la-conception-universelle-de-lapprentissage-cua\/","title":{"rendered":"La conception universelle de l\u2019apprentissage (CUA)"},"content":{"rendered":"\n<div class=\"wp-block-columns is-layout-flex wp-container-core-columns-is-layout-28f84493 wp-block-columns-is-layout-flex\">\n<div class=\"wp-block-column infotableau is-layout-flow wp-block-column-is-layout-flow\">\n<p>Ce 7e num\u00e9ro de \u00ab&nbsp;In a Nutshell&nbsp;\u00bb pr\u00e9sente la conception universelle de l&rsquo;apprentissage (CUA), une approche qui permet de r\u00e9pondre \u00e0 la diversit\u00e9 \u00e9tudiante dans un contexte de massification.<\/p>\n\n\n\n<p>Apr\u00e8s avoir pr\u00e9sent\u00e9 cette approche, la ressource propose diff\u00e9rents leviers pour activer la CUA tout au long du processus d&rsquo;enseignement, de la premi\u00e8re s\u00e9ance \u00e0 l&rsquo;\u00e9valuation des apprentissages.<\/p>\n\n\n\n<p><em>Consultez \u00e9galement notre <a href=\"https:\/\/enseigner.unil.ch\/ressources\/eveille\/conception-universelle-de-lapprentissage-cua\/\">corpus p\u00e9dagogique<\/a> sur le sujet.<\/em><\/p>\n\n\n\n<div class=\"wp-block-advgb-accordions advgb-accordions-767fd3f0-223b-4f0b-9540-d0a8c1ff87e9 advgb-accordion-wrapper\" data-collapsed=\"true\">\n<div class=\"wp-block-advgb-accordion-item advgb-accordion-item sommaire-h2\" style=\"margin-bottom:15px\"><div class=\"advgb-accordion-header\" style=\"background-color:#FFFFFF;color:#000000;border-style:solid;border-width:0px;border-radius:2px\"><span class=\"advgb-accordion-header-icon\"><svg fill=\"#000000\" xmlns=\"http:\/\/www.w3.org\/2000\/svg\" width=\"24\" height=\"24\" viewBox=\"0 0 24 24\"><path fill=\"none\" d=\"M0,0h24v24H0V0z\"><\/path><path d=\"M12,5.83L15.17,9l1.41-1.41L12,3L7.41,7.59L8.83,9L12,5.83z M12,18.17L8.83,15l-1.41,1.41L12,21l4.59-4.59L15.17,15 L12,18.17z\"><\/path><\/svg><\/span><h6 class=\"advgb-accordion-header-title\" style=\"color:inherit\">Au sommaire de ce document<\/h6><\/div><div class=\"advgb-accordion-body\" style=\"border-style:solid !important;border-width:0px !important;border-color:undefined !important;border-top:none !important;border-radius:2px !important\">\n<h2 class=\"wp-block-heading has-small-font-size\">Pourquoi s&rsquo;int\u00e9resser \u00e0 la CUA?<\/h2>\n\n\n\n<h2 class=\"wp-block-heading has-small-font-size\">Concr\u00e8tement<\/h2>\n\n\n\n<h2 class=\"wp-block-heading has-small-font-size\">Les limites<\/h2>\n\n\n\n<h2 class=\"wp-block-heading has-small-font-size\">Pour aller plus loin<\/h2>\n<\/div><\/div>\n<\/div>\n<\/div>\n\n\n\n<div class=\"wp-block-column infotableau is-layout-flow wp-block-column-is-layout-flow\">\n<div class=\"wp-block-columns infotableaumeta is-layout-flex wp-container-core-columns-is-layout-28f84493 wp-block-columns-is-layout-flex\">\n<div class=\"wp-block-column is-layout-flow wp-block-column-is-layout-flow\">\n<p>Version:<\/p>\n<\/div>\n\n\n\n<div class=\"wp-block-column is-layout-flow wp-block-column-is-layout-flow\">\n<p class=\"highlight\">1.0.0<\/p>\n<\/div>\n<\/div>\n\n\n\n<div class=\"wp-block-columns infotableaumeta is-layout-flex wp-container-core-columns-is-layout-28f84493 wp-block-columns-is-layout-flex\">\n<div class=\"wp-block-column is-layout-flow wp-block-column-is-layout-flow\">\n<p>Date:<\/p>\n<\/div>\n\n\n\n<div class=\"wp-block-column is-layout-flow wp-block-column-is-layout-flow\">\n<p class=\"highlight\">juin 2024<\/p>\n<\/div>\n<\/div>\n\n\n\n<div class=\"wp-block-columns infotableaumeta is-layout-flex wp-container-core-columns-is-layout-28f84493 wp-block-columns-is-layout-flex\">\n<div class=\"wp-block-column is-layout-flow wp-block-column-is-layout-flow\">\n<p>Format:<\/p>\n<\/div>\n\n\n\n<div class=\"wp-block-column is-layout-flow wp-block-column-is-layout-flow\">\n<p class=\"highlight\">PDF<\/p>\n<\/div>\n<\/div>\n\n\n\n<div class=\"wp-block-columns infotableaumeta is-layout-flex wp-container-core-columns-is-layout-28f84493 wp-block-columns-is-layout-flex\">\n<div class=\"wp-block-column is-layout-flow wp-block-column-is-layout-flow\">\n<p class=\"infotitle\">Licence:<\/p>\n<\/div>\n\n\n\n<div class=\"wp-block-column is-layout-flow wp-block-column-is-layout-flow\">\n<p class=\"highlight\">BY-NC-ND<\/p>\n<\/div>\n<\/div>\n\n\n\n<div class=\"wp-block-columns infotableaumeta is-layout-flex wp-container-core-columns-is-layout-28f84493 wp-block-columns-is-layout-flex\">\n<div class=\"wp-block-column is-layout-flow wp-block-column-is-layout-flow\">\n<p>Auteur\u00b7e(\u00b7s):<\/p>\n<\/div>\n\n\n\n<div class=\"wp-block-column is-layout-flow wp-block-column-is-layout-flow\">\n<p class=\"highlight\">S. Serry<br>E. Sylvestre<\/p>\n<\/div>\n<\/div>\n<\/div>\n<\/div>\n\n\n\n<div data-wp-interactive=\"core\/file\" class=\"wp-block-file\"><object data-wp-bind--hidden=\"!state.hasPdfPreview\" hidden class=\"wp-block-file__embed\" data=\"https:\/\/enseigner.unil.ch\/ressources\/wp-content\/uploads\/CSE_IAN-7_inclusion.pdf\" type=\"application\/pdf\" style=\"width:100%;height:600px\" aria-label=\"Contenu embarqu\u00e9 CSE_IAN-7_inclusion.\"><\/object><a id=\"wp-block-file--media-44474506-d282-4a20-9755-ac2ab5e76abf\" href=\"https:\/\/enseigner.unil.ch\/ressources\/wp-content\/uploads\/CSE_IAN-7_inclusion.pdf\">CSE_IAN-7_inclusion<\/a><a href=\"https:\/\/enseigner.unil.ch\/ressources\/wp-content\/uploads\/CSE_IAN-7_inclusion.pdf\" class=\"wp-block-file__button wp-element-button\" download aria-describedby=\"wp-block-file--media-44474506-d282-4a20-9755-ac2ab5e76abf\">T\u00e9l\u00e9charger<\/a><\/div>\n","protected":false},"excerpt":{"rendered":"<p>Pr\u00e9sentation de la conception universelle de l&rsquo;apprentissage (CUA) et leviers pour l&rsquo;activer tout au long du processus d&rsquo;enseignement.<\/p>\n","protected":false},"author":5,"featured_media":7706,"parent":0,"comment_status":"open","ping_status":"open","template":"","format":"standard","meta":{"_uag_custom_page_level_css":"","advgb_blocks_editor_width":"","advgb_blocks_columns_visual_guide":"","footnotes":""},"competences":[193,197],"formats":[230],"outilsnumeriques":[],"thematiques":[261,255],"class_list":["post-7677","cptdocument","type-cptdocument","status-publish","format-standard","has-post-thumbnail","hentry","competences-concevoir","competences-inclure","formats-inanutshell","thematiques-conception","thematiques-inclusion"],"uagb_featured_image_src":{"full":["https:\/\/enseigner.unil.ch\/ressources\/wp-content\/uploads\/IAN_CUA_couverture.png",1124,1584,false],"thumbnail":["https:\/\/enseigner.unil.ch\/ressources\/wp-content\/uploads\/IAN_CUA_couverture-150x150.png",150,150,true],"medium":["https:\/\/enseigner.unil.ch\/ressources\/wp-content\/uploads\/IAN_CUA_couverture-213x300.png",213,300,true],"medium_large":["https:\/\/enseigner.unil.ch\/ressources\/wp-content\/uploads\/IAN_CUA_couverture-768x1082.png",768,1082,true],"large":["https:\/\/enseigner.unil.ch\/ressources\/wp-content\/uploads\/IAN_CUA_couverture-727x1024.png",727,1024,true],"1536x1536":["https:\/\/enseigner.unil.ch\/ressources\/wp-content\/uploads\/IAN_CUA_couverture-1090x1536.png",1090,1536,true],"2048x2048":["https:\/\/enseigner.unil.ch\/ressources\/wp-content\/uploads\/IAN_CUA_couverture.png",1124,1584,false],"mailpoet_newsletter_max":["https:\/\/enseigner.unil.ch\/ressources\/wp-content\/uploads\/IAN_CUA_couverture.png",1124,1584,false]},"uagb_author_info":{"display_name":"CSE","author_link":"https:\/\/enseigner.unil.ch\/ressources\/author\/cseunil-ch\/"},"uagb_comment_info":0,"uagb_excerpt":"Pr\u00e9sentation de la conception universelle de l'apprentissage (CUA) et leviers pour l'activer tout au long du processus d'enseignement.","featured_img":"https:\/\/enseigner.unil.ch\/ressources\/wp-content\/uploads\/IAN_CUA_couverture.png","coauthors":[],"author_meta":{"author_link":"https:\/\/enseigner.unil.ch\/ressources\/author\/cseunil-ch\/","display_name":"CSE"},"relative_dates":{"created":"Publi\u00e9 2 ans il y a","modified":"Mis \u00e0 jour 5 mois il y a"},"absolute_dates":{"created":"Publi\u00e9 le 20\/06\/2024","modified":"Mise \u00e0 jour le 21\/11\/2025"},"absolute_dates_time":{"created":"Publi\u00e9 le 20\/06\/2024 10:22 am","modified":"Mise \u00e0 jour le 21\/11\/2025 10:59 am"},"featured_img_caption":"","tax_additional":{"competences":{"linked":["<a href=\"https:\/\/enseigner.unil.ch\/ressources\/competences\/concevoir\/\" class=\"advgb-post-tax-term\">Concevoir<\/a>","<a href=\"https:\/\/enseigner.unil.ch\/ressources\/competences\/inclure\/\" class=\"advgb-post-tax-term\">Inclure<\/a>"],"unlinked":["<span class=\"advgb-post-tax-term\">Concevoir<\/span>","<span class=\"advgb-post-tax-term\">Inclure<\/span>"],"slug":"competences","name":"Types de comp\u00e9tences"},"formats":{"linked":["<a href=\"https:\/\/enseigner.unil.ch\/ressources\/formats\/inanutshell\/\" class=\"advgb-post-tax-term\">In a nutshell<\/a>"],"unlinked":["<span class=\"advgb-post-tax-term\">In a nutshell<\/span>"],"slug":"formats","name":"Types de format"},"outilsnumeriques":{"linked":[],"unlinked":[],"slug":"outilsnumeriques","name":"Types d outils num\u00e9riques"},"thematiques":{"linked":["<a href=\"https:\/\/enseigner.unil.ch\/ressources\/thematiques\/conception\/\" class=\"advgb-post-tax-term\">Conception de cours<\/a>","<a href=\"https:\/\/enseigner.unil.ch\/ressources\/thematiques\/inclusion\/\" class=\"advgb-post-tax-term\">Inclusion et diversit\u00e9<\/a>"],"unlinked":["<span class=\"advgb-post-tax-term\">Conception de cours<\/span>","<span class=\"advgb-post-tax-term\">Inclusion et diversit\u00e9<\/span>"],"slug":"thematiques","name":"Types de thematiques"}},"series_order":"","_links":{"self":[{"href":"https:\/\/enseigner.unil.ch\/ressources\/wp-json\/wp\/v2\/cptdocument\/7677","targetHints":{"allow":["GET"]}}],"collection":[{"href":"https:\/\/enseigner.unil.ch\/ressources\/wp-json\/wp\/v2\/cptdocument"}],"about":[{"href":"https:\/\/enseigner.unil.ch\/ressources\/wp-json\/wp\/v2\/types\/cptdocument"}],"author":[{"embeddable":true,"href":"https:\/\/enseigner.unil.ch\/ressources\/wp-json\/wp\/v2\/users\/5"}],"replies":[{"embeddable":true,"href":"https:\/\/enseigner.unil.ch\/ressources\/wp-json\/wp\/v2\/comments?post=7677"}],"version-history":[{"count":21,"href":"https:\/\/enseigner.unil.ch\/ressources\/wp-json\/wp\/v2\/cptdocument\/7677\/revisions"}],"predecessor-version":[{"id":10014,"href":"https:\/\/enseigner.unil.ch\/ressources\/wp-json\/wp\/v2\/cptdocument\/7677\/revisions\/10014"}],"wp:featuredmedia":[{"embeddable":true,"href":"https:\/\/enseigner.unil.ch\/ressources\/wp-json\/wp\/v2\/media\/7706"}],"wp:attachment":[{"href":"https:\/\/enseigner.unil.ch\/ressources\/wp-json\/wp\/v2\/media?parent=7677"}],"wp:term":[{"taxonomy":"competences","embeddable":true,"href":"https:\/\/enseigner.unil.ch\/ressources\/wp-json\/wp\/v2\/competences?post=7677"},{"taxonomy":"formats","embeddable":true,"href":"https:\/\/enseigner.unil.ch\/ressources\/wp-json\/wp\/v2\/formats?post=7677"},{"taxonomy":"outilsnumeriques","embeddable":true,"href":"https:\/\/enseigner.unil.ch\/ressources\/wp-json\/wp\/v2\/outilsnumeriques?post=7677"},{"taxonomy":"thematiques","embeddable":true,"href":"https:\/\/enseigner.unil.ch\/ressources\/wp-json\/wp\/v2\/thematiques?post=7677"}],"curies":[{"name":"wp","href":"https:\/\/api.w.org\/{rel}","templated":true}]}}