{"id":5106,"date":"2020-11-17T15:22:45","date_gmt":"2020-11-17T14:22:45","guid":{"rendered":"https:\/\/enseigner.unil.ch\/ressources\/?post_type=cptouvrage&#038;p=5106"},"modified":"2026-01-05T13:52:25","modified_gmt":"2026-01-05T12:52:25","slug":"comment-developper-le-conseil-pedagogique-dans-lenseignement-superieur","status":"publish","type":"cptouvrage","link":"https:\/\/enseigner.unil.ch\/ressources\/ouvrage\/comment-developper-le-conseil-pedagogique-dans-lenseignement-superieur\/","title":{"rendered":"Comment d\u00e9velopper le conseil p\u00e9dagogique dans l\u2019enseignement sup\u00e9rieur?"},"content":{"rendered":"\n<h4 class=\"wp-block-heading\">R\u00e9sum\u00e9<\/h4>\n\n\n\n<p>Co-\u00e9crit par une trentaine de contributeur\u00b7trices suisses, fran\u00e7ais\u00b7es, belges et canadien\u00b7nes, cet ouvrage s\u2019adresse aux conseiller\u00b7\u00e8res p\u00e9dagogiques de l\u2019enseignement sup\u00e9rieur, qu\u2019elles ou ils soient novices ou exp\u00e9riment\u00e9\u00b7es, et propose \u00e0 celles-ci ou ceux-ci des cadres d\u2019analyse et des outils pratiques pour mener \u00e0 bien leurs trois principales missions : conseiller, former et \u00e9valuer. Une partie de l\u2019ouvrage est \u00e9galement consacr\u00e9e \u00e0 la formation et au d\u00e9veloppement professionnel des conseiller\u00b7\u00e8res p\u00e9dagogiques : comment s\u2019initier au m\u00e9tier, comment analyser et \u00e9valuer la port\u00e9e de ses actions, comment concevoir et mener une politique de d\u00e9veloppement et de valorisation de l\u2019enseignement au sein d\u2019un \u00e9tablissement d\u2019enseignement sup\u00e9rieur?<\/p>\n\n\n\n<p>Cet ouvrage, une premi\u00e8re en langue fran\u00e7aise, veut contribuer au d\u00e9veloppement de la qualit\u00e9 de l\u2019enseignement sup\u00e9rieur et \u00e0 sa valorisation en soutenant et en outillant celles et ceux qui en sont les chevilles ouvri\u00e8res : les conseiller\u00b7\u00e8res p\u00e9dagogiques.<\/p>\n\n\n\n<h4 class=\"wp-block-heading\">Directeur\u00b7trice(s) d&rsquo;ouvrage<\/h4>\n\n\n<div class=\"unil-auteurouvrage\">Amaury Deale, Emmanuel Sylvestre<\/div>\n\n\n\n<h4 class=\"wp-block-heading\">Maison d&rsquo;\u00e9dition<\/h4>\n\n\n\n<p>De Boeck Sup\u00e9rieur<\/p>\n\n\n\n<h4 class=\"wp-block-heading\" id=\"reference\">Commande et fiche de l&rsquo;ouvrage<\/h4>\n\n\n\n<p>sur <a href=\"https:\/\/www.deboecksuperieur.com\/ouvrage\/9782807301818-comment-developper-le-conseil-pedagogique-dans-l-enseignement-superieur\" target=\"_blank\" rel=\"noreferrer noopener\">le site de l\u2019\u00e9diteur<\/a><br>ISBN : 978-2-8073-0181-8<\/p>\n\n\n\n<p class=\"has-fond-rose-background-color has-background\">Cet ouvrage peut \u00eatre emprunt\u00e9 \u00e0 la <a href=\"https:\/\/cloud7.bibliomaker.ch:28130\/\" target=\"_blank\" rel=\"noreferrer noopener\">biblioth\u00e8que du CSE<\/a>.<\/p>\n\n\n\n<div style=\"height:100px\" aria-hidden=\"true\" class=\"wp-block-spacer\"><\/div>\n","protected":false},"excerpt":{"rendered":"<p>Conseiller, former et \u00e9valuer sont g\u00e9n\u00e9ralement les trois missions principales des conseiller\u00b7\u00e8res p\u00e9dagogiques dans l\u2019enseignement sup\u00e9rieur. Cet ouvrage propose des outils pour l\u2019action et l\u2019analyse de ces trois missions.<\/p>\n","protected":false},"author":5,"featured_media":5085,"parent":0,"comment_status":"open","ping_status":"open","template":"","format":"standard","meta":{"_uag_custom_page_level_css":"","advgb_blocks_editor_width":"","advgb_blocks_columns_visual_guide":"","footnotes":""},"thematiques":[],"class_list":["post-5106","cptouvrage","type-cptouvrage","status-publish","format-standard","has-post-thumbnail","hentry"],"uagb_featured_image_src":{"full":["https:\/\/enseigner.unil.ch\/ressources\/wp-content\/uploads\/developper-le-conseil-pedagogique_couverture.jpg",1400,2100,false],"thumbnail":["https:\/\/enseigner.unil.ch\/ressources\/wp-content\/uploads\/developper-le-conseil-pedagogique_couverture-150x150.jpg",150,150,true],"medium":["https:\/\/enseigner.unil.ch\/ressources\/wp-content\/uploads\/developper-le-conseil-pedagogique_couverture-200x300.jpg",200,300,true],"medium_large":["https:\/\/enseigner.unil.ch\/ressources\/wp-content\/uploads\/developper-le-conseil-pedagogique_couverture-768x1152.jpg",768,1152,true],"large":["https:\/\/enseigner.unil.ch\/ressources\/wp-content\/uploads\/developper-le-conseil-pedagogique_couverture-683x1024.jpg",683,1024,true],"1536x1536":["https:\/\/enseigner.unil.ch\/ressources\/wp-content\/uploads\/developper-le-conseil-pedagogique_couverture-1024x1536.jpg",1024,1536,true],"2048x2048":["https:\/\/enseigner.unil.ch\/ressources\/wp-content\/uploads\/developper-le-conseil-pedagogique_couverture-1365x2048.jpg",1365,2048,true],"mailpoet_newsletter_max":["https:\/\/enseigner.unil.ch\/ressources\/wp-content\/uploads\/developper-le-conseil-pedagogique_couverture-1320x1980.jpg",1320,1980,true]},"uagb_author_info":{"display_name":"CSE","author_link":"https:\/\/enseigner.unil.ch\/ressources\/author\/cseunil-ch\/"},"uagb_comment_info":0,"uagb_excerpt":"Conseiller, former et \u00e9valuer sont g\u00e9n\u00e9ralement les trois missions principales des conseiller\u00b7\u00e8res p\u00e9dagogiques dans l\u2019enseignement sup\u00e9rieur. Cet ouvrage propose des outils pour l\u2019action et l\u2019analyse de ces trois missions.","featured_img":"https:\/\/enseigner.unil.ch\/ressources\/wp-content\/uploads\/developper-le-conseil-pedagogique_couverture.jpg","coauthors":[],"author_meta":{"author_link":"https:\/\/enseigner.unil.ch\/ressources\/author\/cseunil-ch\/","display_name":"CSE"},"relative_dates":{"created":"Publi\u00e9 5 ans il y a","modified":"Mis \u00e0 jour 4 mois il y a"},"absolute_dates":{"created":"Publi\u00e9 le 17\/11\/2020","modified":"Mise \u00e0 jour le 05\/01\/2026"},"absolute_dates_time":{"created":"Publi\u00e9 le 17\/11\/2020 3:22 pm","modified":"Mise \u00e0 jour le 05\/01\/2026 1:52 pm"},"featured_img_caption":"","tax_additional":{"thematiques":{"linked":[],"unlinked":[],"slug":"thematiques","name":"Types de thematiques"}},"series_order":"","_links":{"self":[{"href":"https:\/\/enseigner.unil.ch\/ressources\/wp-json\/wp\/v2\/cptouvrage\/5106","targetHints":{"allow":["GET"]}}],"collection":[{"href":"https:\/\/enseigner.unil.ch\/ressources\/wp-json\/wp\/v2\/cptouvrage"}],"about":[{"href":"https:\/\/enseigner.unil.ch\/ressources\/wp-json\/wp\/v2\/types\/cptouvrage"}],"author":[{"embeddable":true,"href":"https:\/\/enseigner.unil.ch\/ressources\/wp-json\/wp\/v2\/users\/5"}],"replies":[{"embeddable":true,"href":"https:\/\/enseigner.unil.ch\/ressources\/wp-json\/wp\/v2\/comments?post=5106"}],"version-history":[{"count":12,"href":"https:\/\/enseigner.unil.ch\/ressources\/wp-json\/wp\/v2\/cptouvrage\/5106\/revisions"}],"predecessor-version":[{"id":11816,"href":"https:\/\/enseigner.unil.ch\/ressources\/wp-json\/wp\/v2\/cptouvrage\/5106\/revisions\/11816"}],"wp:featuredmedia":[{"embeddable":true,"href":"https:\/\/enseigner.unil.ch\/ressources\/wp-json\/wp\/v2\/media\/5085"}],"wp:attachment":[{"href":"https:\/\/enseigner.unil.ch\/ressources\/wp-json\/wp\/v2\/media?parent=5106"}],"wp:term":[{"taxonomy":"thematiques","embeddable":true,"href":"https:\/\/enseigner.unil.ch\/ressources\/wp-json\/wp\/v2\/thematiques?post=5106"}],"curies":[{"name":"wp","href":"https:\/\/api.w.org\/{rel}","templated":true}]}}