{"id":5108,"date":"2020-09-18T08:25:19","date_gmt":"2020-09-18T06:25:19","guid":{"rendered":"https:\/\/enseigner.unil.ch\/ressources\/?post_type=cptouvrage&#038;p=5108"},"modified":"2026-01-05T13:54:06","modified_gmt":"2026-01-05T12:54:06","slug":"la-pedagogie-de-lenseignement-superieur-reperes-theoriques-et-applications-pratiques-1","status":"publish","type":"cptouvrage","link":"https:\/\/enseigner.unil.ch\/ressources\/ouvrage\/la-pedagogie-de-lenseignement-superieur-reperes-theoriques-et-applications-pratiques-1\/","title":{"rendered":"La p\u00e9dagogie de l\u2019enseignement sup\u00e9rieur: rep\u00e8res th\u00e9oriques et applications pratiques (1)"},"content":{"rendered":"\n<h4 class=\"wp-block-heading\">R\u00e9sum\u00e9<\/h4>\n\n\n\n<p>Comment enseigner de mani\u00e8re \u00e0 soutenir la motivation et les apprentissages des \u00e9tudiant\u00b7es? Cet ouvrage collectif r\u00e9pond \u00e0 vingt questions que les enseignant\u00b7es du sup\u00e9rieur se posent \u00e0 propos du d\u00e9veloppement de l\u2019enseignement sup\u00e9rieur et de leurs pratiques p\u00e9dagogiques. Les r\u00e9ponses apport\u00e9es passent en revue les fondamentaux de la p\u00e9dagogie de l\u2019enseignement sup\u00e9rieur et les principes qui mettent l\u2019enseignement au service des apprentissages des \u00e9tudiant\u00b7es : clarifier les objectifs d\u2019apprentissage vis\u00e9s par l\u2019enseignement ; adopter des strat\u00e9gies d\u2019enseignement qui permettent aux \u00e9tudiant\u00b7es d\u2019atteindre les objectifs et d\u2019exercer les comp\u00e9tences vis\u00e9es ; et, non des moindres, \u00e9valuer avec pertinence les apprentissages r\u00e9alis\u00e9s par les \u00e9tudiant\u00b7es au terme de l\u2019enseignement. \u00c9crit \u00e0 l\u2019intention des enseignant\u00b7es du sup\u00e9rieur et des conseiller\u00b7\u00e8res p\u00e9dagogiques, l\u2019ouvrage propose des exercices pratiques qui permettent \u00e0 chacun\u00b7e de se situer dans sa pratique professionnelle et de progresser dans son d\u00e9veloppement professionnel.<\/p>\n\n\n\n<h4 class=\"wp-block-heading\">Directeur\u00b7trice(s) d&rsquo;ouvrage<\/h4>\n\n\n<div class=\"unil-auteurouvrage\">Denis Berthiaume, Nicole Rege-Colet<\/div>\n\n\n\n<h4 class=\"wp-block-heading\">Maison d&rsquo;\u00e9dition<\/h4>\n\n\n\n<p>Peter Lang<\/p>\n\n\n\n<h4 class=\"wp-block-heading\" id=\"reference\">Commande et fiche de l&rsquo;ouvrage<\/h4>\n\n\n\n<p>sur le <a href=\"https:\/\/www.peterlang.com\/document\/1053077\" target=\"_blank\" rel=\"noreferrer noopener\">site de l&rsquo;\u00e9diteur<\/a><\/p>\n\n\n\n<p>ISBN : 978-3-0343-1462-6<\/p>\n\n\n\n<p class=\"has-fond-rose-background-color has-background\">Cet ouvrage peut \u00eatre emprunt\u00e9 \u00e0 la <a href=\"https:\/\/cloud7.bibliomaker.ch:28130\/\" target=\"_blank\" rel=\"noreferrer noopener\">biblioth\u00e8que du CSE<\/a>.<\/p>\n\n\n\n<div style=\"height:100px\" aria-hidden=\"true\" class=\"wp-block-spacer\"><\/div>\n","protected":false},"excerpt":{"rendered":"<p>Cet ouvrage collectif r\u00e9pond \u00e0 vingt questions que les enseignant\u00b7es du sup\u00e9rieur se posent \u00e0 propos du d\u00e9veloppement de l\u2019enseignement sup\u00e9rieur et de leurs pratiques p\u00e9dagogiques.<\/p>\n","protected":false},"author":5,"featured_media":5088,"parent":0,"comment_status":"open","ping_status":"open","template":"","format":"standard","meta":{"_uag_custom_page_level_css":"","advgb_blocks_editor_width":"","advgb_blocks_columns_visual_guide":"","footnotes":""},"thematiques":[],"class_list":["post-5108","cptouvrage","type-cptouvrage","status-publish","format-standard","has-post-thumbnail","hentry"],"uagb_featured_image_src":{"full":["https:\/\/enseigner.unil.ch\/ressources\/wp-content\/uploads\/pedagogie-reperes1_couverture.webp",713,1000,false],"thumbnail":["https:\/\/enseigner.unil.ch\/ressources\/wp-content\/uploads\/pedagogie-reperes1_couverture-150x150.webp",150,150,true],"medium":["https:\/\/enseigner.unil.ch\/ressources\/wp-content\/uploads\/pedagogie-reperes1_couverture-214x300.webp",214,300,true],"medium_large":["https:\/\/enseigner.unil.ch\/ressources\/wp-content\/uploads\/pedagogie-reperes1_couverture.webp",713,1000,false],"large":["https:\/\/enseigner.unil.ch\/ressources\/wp-content\/uploads\/pedagogie-reperes1_couverture.webp",713,1000,false],"1536x1536":["https:\/\/enseigner.unil.ch\/ressources\/wp-content\/uploads\/pedagogie-reperes1_couverture.webp",713,1000,false],"2048x2048":["https:\/\/enseigner.unil.ch\/ressources\/wp-content\/uploads\/pedagogie-reperes1_couverture.webp",713,1000,false],"mailpoet_newsletter_max":["https:\/\/enseigner.unil.ch\/ressources\/wp-content\/uploads\/pedagogie-reperes1_couverture.webp",713,1000,false]},"uagb_author_info":{"display_name":"CSE","author_link":"https:\/\/enseigner.unil.ch\/ressources\/author\/cseunil-ch\/"},"uagb_comment_info":0,"uagb_excerpt":"Cet ouvrage collectif r\u00e9pond \u00e0 vingt questions que les enseignant\u00b7es du sup\u00e9rieur se posent \u00e0 propos du d\u00e9veloppement de l\u2019enseignement sup\u00e9rieur et de leurs pratiques p\u00e9dagogiques.","featured_img":"https:\/\/enseigner.unil.ch\/ressources\/wp-content\/uploads\/pedagogie-reperes1_couverture.webp","coauthors":[],"author_meta":{"author_link":"https:\/\/enseigner.unil.ch\/ressources\/author\/cseunil-ch\/","display_name":"CSE"},"relative_dates":{"created":"Publi\u00e9 6 ans il y a","modified":"Mis \u00e0 jour 4 mois il y a"},"absolute_dates":{"created":"Publi\u00e9 le 18\/09\/2020","modified":"Mise \u00e0 jour le 05\/01\/2026"},"absolute_dates_time":{"created":"Publi\u00e9 le 18\/09\/2020 8:25 am","modified":"Mise \u00e0 jour le 05\/01\/2026 1:54 pm"},"featured_img_caption":"","tax_additional":{"thematiques":{"linked":[],"unlinked":[],"slug":"thematiques","name":"Types de thematiques"}},"series_order":"","_links":{"self":[{"href":"https:\/\/enseigner.unil.ch\/ressources\/wp-json\/wp\/v2\/cptouvrage\/5108","targetHints":{"allow":["GET"]}}],"collection":[{"href":"https:\/\/enseigner.unil.ch\/ressources\/wp-json\/wp\/v2\/cptouvrage"}],"about":[{"href":"https:\/\/enseigner.unil.ch\/ressources\/wp-json\/wp\/v2\/types\/cptouvrage"}],"author":[{"embeddable":true,"href":"https:\/\/enseigner.unil.ch\/ressources\/wp-json\/wp\/v2\/users\/5"}],"replies":[{"embeddable":true,"href":"https:\/\/enseigner.unil.ch\/ressources\/wp-json\/wp\/v2\/comments?post=5108"}],"version-history":[{"count":19,"href":"https:\/\/enseigner.unil.ch\/ressources\/wp-json\/wp\/v2\/cptouvrage\/5108\/revisions"}],"predecessor-version":[{"id":11818,"href":"https:\/\/enseigner.unil.ch\/ressources\/wp-json\/wp\/v2\/cptouvrage\/5108\/revisions\/11818"}],"wp:featuredmedia":[{"embeddable":true,"href":"https:\/\/enseigner.unil.ch\/ressources\/wp-json\/wp\/v2\/media\/5088"}],"wp:attachment":[{"href":"https:\/\/enseigner.unil.ch\/ressources\/wp-json\/wp\/v2\/media?parent=5108"}],"wp:term":[{"taxonomy":"thematiques","embeddable":true,"href":"https:\/\/enseigner.unil.ch\/ressources\/wp-json\/wp\/v2\/thematiques?post=5108"}],"curies":[{"name":"wp","href":"https:\/\/api.w.org\/{rel}","templated":true}]}}