{"id":5202,"date":"2023-02-16T17:09:24","date_gmt":"2023-02-16T16:09:24","guid":{"rendered":"https:\/\/enseigner.unil.ch\/ressources\/?post_type=cptouvrage&#038;p=5202"},"modified":"2025-08-18T14:01:07","modified_gmt":"2025-08-18T12:01:07","slug":"la-restitution-entre-activite-et-formation-un-concept-a-explorer","status":"publish","type":"cptouvrage","link":"https:\/\/enseigner.unil.ch\/ressources\/ouvrage\/la-restitution-entre-activite-et-formation-un-concept-a-explorer\/","title":{"rendered":"La restitution &#8211; Entre activit\u00e9 et formation, un concept \u00e0 explorer"},"content":{"rendered":"\n<h4 class=\"wp-block-heading\">R\u00e9sum\u00e9<\/h4>\n\n\n\n<p>D\u00e9di\u00e9 \u00e0 la question de la restitution, cet ouvrage consacre, avec la restitution dans les d\u00e9marches de recherche et dans la formation, un chapitre \u00e0 l&rsquo;\u00e9valuation de la restitution d&rsquo;exp\u00e9riences en VAE, un dispositif original n\u00e9 il y a vingt ans dans lequel elle joue un r\u00f4le central. <\/p>\n\n\n\n<p>La VAE consiste \u00e0 valider les acquis d&rsquo;exp\u00e9rience professionnelle et\/ou b\u00e9n\u00e9vole afin d&rsquo;obtenir sous forme d&rsquo;\u00e9quivalences une partie des cr\u00e9dits constitutifs d&rsquo;un cursus de l&rsquo;enseignement sup\u00e9rieur. Dans cet exercice, la part de la restitution, c\u2019est le concours d\u00e9cisif qu\u2019elle peut apporter \u00e0 des ambitions de partage et de n\u00e9gociation des savoirs. C\u2019est une mani\u00e8re de donner la parole \u00e0 l\u2019exp\u00e9rience et, d\u2019une certaine fa\u00e7on, de lui donner la possibilit\u00e9 d\u2019exister en armant les sujets de nouvelles ressources r\u00e9flexives. C\u2019est une modalit\u00e9 sp\u00e9cifique d\u2019explicitation et de mise en forme de soi et de ses acquis, rendant accessible ce qui constitue le ferment d\u2019une valeur particuli\u00e8re, en qu\u00eate de sa reconnaissance.<\/p>\n\n\n\n<p>Le Centre de soutien \u00e0 l&rsquo;enseignement soutient cette d\u00e9marche depuis 2015 et a contribu\u00e9 \u00e0 l&rsquo;\u00e9criture du chapitre de l&rsquo;ouvrage consacr\u00e9 au questionnement suivant : \u00ab Comment un jury de VAE en contexte acad\u00e9mique consid\u00e8re-t-il et \u00e9value-t-il la restitution d\u2019exp\u00e9riences professionnelles et extra-professionnelles&nbsp;? \u00bb. Ce chapitre permettra d&rsquo;\u00e9clairer toute personne (enseignant\u00b7e, conseiller\u00b7\u00e8re, personne issue du monde acad\u00e9mique ou non acad\u00e9mique) qui se pose des questions sur son r\u00f4le dans un jury de VAE afin qu&rsquo;elle reparte avec une meilleure compr\u00e9hension de celui-ci.<\/p>\n\n\n\n<h4 class=\"wp-block-heading\">Directeur\u00b7trice(s) d&rsquo;ouvrage<\/h4>\n\n\n<div class=\"unil-auteurouvrage\">Isabelle Houot, Emmanuel Triby, Fran\u00e7oise de Viron<\/div>\n\n\n\n<p>Chapitre : Comment un jury de VAE en contexte acad\u00e9mique consid\u00e8re-t-il et \u00e9value-t-il la restitution d\u2019exp\u00e9riences professionnelles et extra-professionnelles&nbsp;? <\/p>\n\n\n\n<ul class=\"wp-block-list\">\n<li>J\u00e9r\u00f4me Schumacher<\/li>\n\n\n\n<li>Sophie Serry<\/li>\n\n\n\n<li>Regula Villari<\/li>\n\n\n\n<li>Marc Pochon<\/li>\n<\/ul>\n\n\n\n<h4 class=\"wp-block-heading\">Maison d&rsquo;\u00e9dition<\/h4>\n\n\n\n<p>\u00c9ditions Octar\u00e8s<\/p>\n\n\n\n<h4 class=\"wp-block-heading\" id=\"reference\">Commande et fiche de l&rsquo;ouvrage<\/h4>\n\n\n\n<p>sur le <a href=\"https:\/\/www.octares.com\/boutique\/286-la-restitution-entre-activite-et-formation-un-concept-a-explorer.html\" target=\"_blank\" rel=\"noreferrer noopener\">site de l&rsquo;\u00e9diteur<\/a><\/p>\n\n\n\n<p>ISBN : 978-2-36630-121-2<\/p>\n\n\n\n<p class=\"has-fond-rose-background-color has-background\">Cet ouvrage peut \u00eatre emprunt\u00e9 \u00e0 la <a href=\"https:\/\/cloud7.bibliomaker.ch:28130\/\" target=\"_blank\" rel=\"noreferrer noopener\">biblioth\u00e8que du CSE<\/a>.<\/p>\n\n\n\n<div style=\"height:100px\" aria-hidden=\"true\" class=\"wp-block-spacer\"><\/div>\n","protected":false},"excerpt":{"rendered":"<p>Un ouvrage pour aborder la question de la restitution dans les d\u00e9marches de recherche, la formation, et la restitution d\u2019exp\u00e9riences professionnelles et extra-professionnelles en VAE.<\/p>\n","protected":false},"author":5,"featured_media":5209,"parent":0,"comment_status":"open","ping_status":"open","template":"","format":"standard","meta":{"_uag_custom_page_level_css":"","advgb_blocks_editor_width":"","advgb_blocks_columns_visual_guide":"","footnotes":""},"thematiques":[],"class_list":["post-5202","cptouvrage","type-cptouvrage","status-publish","format-standard","has-post-thumbnail","hentry"],"uagb_featured_image_src":{"full":["https:\/\/enseigner.unil.ch\/ressources\/wp-content\/uploads\/restitution_couverture.jpg",600,794,false],"thumbnail":["https:\/\/enseigner.unil.ch\/ressources\/wp-content\/uploads\/restitution_couverture-150x150.jpg",150,150,true],"medium":["https:\/\/enseigner.unil.ch\/ressources\/wp-content\/uploads\/restitution_couverture-227x300.jpg",227,300,true],"medium_large":["https:\/\/enseigner.unil.ch\/ressources\/wp-content\/uploads\/restitution_couverture.jpg",600,794,false],"large":["https:\/\/enseigner.unil.ch\/ressources\/wp-content\/uploads\/restitution_couverture.jpg",600,794,false],"1536x1536":["https:\/\/enseigner.unil.ch\/ressources\/wp-content\/uploads\/restitution_couverture.jpg",600,794,false],"2048x2048":["https:\/\/enseigner.unil.ch\/ressources\/wp-content\/uploads\/restitution_couverture.jpg",600,794,false],"mailpoet_newsletter_max":["https:\/\/enseigner.unil.ch\/ressources\/wp-content\/uploads\/restitution_couverture.jpg",600,794,false]},"uagb_author_info":{"display_name":"CSE","author_link":"https:\/\/enseigner.unil.ch\/ressources\/author\/cseunil-ch\/"},"uagb_comment_info":0,"uagb_excerpt":"Un ouvrage pour aborder la question de la restitution dans les d\u00e9marches de recherche, la formation, et la restitution d\u2019exp\u00e9riences professionnelles et extra-professionnelles en VAE.","featured_img":"https:\/\/enseigner.unil.ch\/ressources\/wp-content\/uploads\/restitution_couverture.jpg","coauthors":[],"author_meta":{"author_link":"https:\/\/enseigner.unil.ch\/ressources\/author\/cseunil-ch\/","display_name":"CSE"},"relative_dates":{"created":"Publi\u00e9 3 ans il y a","modified":"Mis \u00e0 jour 8 mois il y a"},"absolute_dates":{"created":"Publi\u00e9 le 16\/02\/2023","modified":"Mise \u00e0 jour le 18\/08\/2025"},"absolute_dates_time":{"created":"Publi\u00e9 le 16\/02\/2023 5:09 pm","modified":"Mise \u00e0 jour le 18\/08\/2025 2:01 pm"},"featured_img_caption":"","tax_additional":{"thematiques":{"linked":[],"unlinked":[],"slug":"thematiques","name":"Types de thematiques"}},"series_order":"","_links":{"self":[{"href":"https:\/\/enseigner.unil.ch\/ressources\/wp-json\/wp\/v2\/cptouvrage\/5202","targetHints":{"allow":["GET"]}}],"collection":[{"href":"https:\/\/enseigner.unil.ch\/ressources\/wp-json\/wp\/v2\/cptouvrage"}],"about":[{"href":"https:\/\/enseigner.unil.ch\/ressources\/wp-json\/wp\/v2\/types\/cptouvrage"}],"author":[{"embeddable":true,"href":"https:\/\/enseigner.unil.ch\/ressources\/wp-json\/wp\/v2\/users\/5"}],"replies":[{"embeddable":true,"href":"https:\/\/enseigner.unil.ch\/ressources\/wp-json\/wp\/v2\/comments?post=5202"}],"version-history":[{"count":29,"href":"https:\/\/enseigner.unil.ch\/ressources\/wp-json\/wp\/v2\/cptouvrage\/5202\/revisions"}],"predecessor-version":[{"id":10457,"href":"https:\/\/enseigner.unil.ch\/ressources\/wp-json\/wp\/v2\/cptouvrage\/5202\/revisions\/10457"}],"wp:featuredmedia":[{"embeddable":true,"href":"https:\/\/enseigner.unil.ch\/ressources\/wp-json\/wp\/v2\/media\/5209"}],"wp:attachment":[{"href":"https:\/\/enseigner.unil.ch\/ressources\/wp-json\/wp\/v2\/media?parent=5202"}],"wp:term":[{"taxonomy":"thematiques","embeddable":true,"href":"https:\/\/enseigner.unil.ch\/ressources\/wp-json\/wp\/v2\/thematiques?post=5202"}],"curies":[{"name":"wp","href":"https:\/\/api.w.org\/{rel}","templated":true}]}}