{"id":7406,"date":"2023-04-12T10:20:56","date_gmt":"2023-04-12T08:20:56","guid":{"rendered":"https:\/\/enseigner.unil.ch\/ressources\/?post_type=cptouvrage&#038;p=7406"},"modified":"2026-01-05T13:50:02","modified_gmt":"2026-01-05T12:50:02","slug":"former-a-loral-former-par-loral-dans-le-superieur","status":"publish","type":"cptouvrage","link":"https:\/\/enseigner.unil.ch\/ressources\/ouvrage\/former-a-loral-former-par-loral-dans-le-superieur\/","title":{"rendered":"Former \u00e0 l\u2019oral, former par l\u2019oral dans le sup\u00e9rieur"},"content":{"rendered":"\n<h4 class=\"wp-block-heading\">R\u00e9sum\u00e9<\/h4>\n\n\n\n<p>Les universit\u00e9s ont longtemps \u00e9t\u00e9 associ\u00e9es \u00e0 l\u2019\u00e9crit. N\u00e9anmoins, l\u2019oral reste omnipr\u00e9sent dans le milieu universitaire : l\u2019oral circule, se pratique, s\u2019enseigne et s\u2019apprend, en \u00e9troite relation avec l\u2019\u00e9crit. Il peut s\u2019agir d\u2019un oral p\u00e9dagogique, scientifique et\/ou institutionnel.<\/p>\n\n\n\n<p>L\u2019oral \u00e0 l\u2019universit\u00e9 a cependant \u00e9t\u00e9 tr\u00e8s peu \u00e9tudi\u00e9 dans la recherche francophone, focalis\u00e9e sur l\u2019\u00e9crit. Former \u00e0 l\u2019oral, former par l\u2019oral, ce sont pourtant deux facettes d\u2019une m\u00eame probl\u00e9matique : l\u2019oral comme outil ; l\u2019oral comme objectif d\u2019enseignement-apprentissage \u00e0 part enti\u00e8re.<\/p>\n\n\n\n<p>Adress\u00e9es aux chercheuses et chercheurs, mais aussi aux enseignantes, enseignants, formatrices et formateurs, les diff\u00e9rentes contributions cherchent \u00e0 articuler \u00e9troitement, dans une relation circulaire, connaissances scientifiques et situations ordinaires de formation, th\u00e9orie et dimensions pratiques innovantes, facilement transf\u00e9rables dans d\u2019autres contextes.<\/p>\n\n\n\n<p>Comment s\u2019articulent et se distinguent \u00e9crit et oral \u00e0 l\u2019universit\u00e9 ? Comment qualifier les pratiques et les repr\u00e9sentations, tant des \u00e9tudiant\u00b7es que des enseignant\u00b7es ? Comment \u00e9tayer et \u00e9valuer leurs pratiques langagi\u00e8res orales ?<\/p>\n\n\n\n<p>Cet ouvrage vise \u00e0 fournir des pistes de r\u00e9flexion sur l\u2019oral universitaire ainsi que des outils p\u00e9dagogiques \u00e0 destination d\u2019\u00e9tudiant\u00b7es de tous horizons.<\/p>\n\n\n\n<h4 class=\"wp-block-heading\">Directeur\u00b7trice(s) d&rsquo;ouvrage<\/h4>\n\n\n<div class=\"unil-auteurouvrage\">Caroline Scheepers<\/div>\n\n\n\n<p>Chapitre 8 : Mesurer les r\u00e9sultats d\u2019apprentissage avec des \u00e9valuations orales<\/p>\n\n\n\n<ul class=\"wp-block-list\">\n<li>Emmanuel Sylvestre<\/li>\n<\/ul>\n\n\n\n<h4 class=\"wp-block-heading\">Maison d&rsquo;\u00e9dition<\/h4>\n\n\n\n<p>De Boeck Sup\u00e9rieur<\/p>\n\n\n\n<h4 class=\"wp-block-heading\" id=\"reference\">Commande et fiche de l&rsquo;ouvrage<\/h4>\n\n\n\n<p>sur <a href=\"https:\/\/www.deboecksuperieur.com\/ouvrage\/9782807301818-comment-developper-le-conseil-pedagogique-dans-l-enseignement-superieur\" target=\"_blank\" rel=\"noreferrer noopener\">l<\/a><a href=\"https:\/\/www.deboecksuperieur.com\/ouvrage\/9782807357426-former-l-oral-former-par-l-oral-dans-le-superieur\" target=\"_blank\" rel=\"noreferrer noopener\">e site de l\u2019\u00e9diteur<\/a><br>ISBN : 978-2-8073-5742-6<\/p>\n\n\n\n<p class=\"has-fond-rose-background-color has-background\">Cet ouvrage peut \u00eatre emprunt\u00e9 \u00e0 la <a href=\"https:\/\/cloud7.bibliomaker.ch:28130\/\" target=\"_blank\" rel=\"noreferrer noopener\">biblioth\u00e8que du CSE<\/a>.<\/p>\n\n\n\n<div style=\"height:100px\" aria-hidden=\"true\" class=\"wp-block-spacer\"><\/div>\n","protected":false},"excerpt":{"rendered":"<p>Premier ouvrage scientifique francophone sur l&rsquo;oral universitaire, cet ouvrage fournit des pistes de r\u00e9flexion et des outils p\u00e9dagogiques \u00e0 destination des \u00e9tudiant\u00b7es.<\/p>\n","protected":false},"author":5,"featured_media":7413,"parent":0,"comment_status":"open","ping_status":"open","template":"","format":"standard","meta":{"_uag_custom_page_level_css":"","advgb_blocks_editor_width":"","advgb_blocks_columns_visual_guide":"","footnotes":""},"thematiques":[],"class_list":["post-7406","cptouvrage","type-cptouvrage","status-publish","format-standard","has-post-thumbnail","hentry"],"uagb_featured_image_src":{"full":["https:\/\/enseigner.unil.ch\/ressources\/wp-content\/uploads\/former-a-loral_couverture.jpg",1400,2100,false],"thumbnail":["https:\/\/enseigner.unil.ch\/ressources\/wp-content\/uploads\/former-a-loral_couverture-150x150.jpg",150,150,true],"medium":["https:\/\/enseigner.unil.ch\/ressources\/wp-content\/uploads\/former-a-loral_couverture-200x300.jpg",200,300,true],"medium_large":["https:\/\/enseigner.unil.ch\/ressources\/wp-content\/uploads\/former-a-loral_couverture-768x1152.jpg",768,1152,true],"large":["https:\/\/enseigner.unil.ch\/ressources\/wp-content\/uploads\/former-a-loral_couverture-683x1024.jpg",683,1024,true],"1536x1536":["https:\/\/enseigner.unil.ch\/ressources\/wp-content\/uploads\/former-a-loral_couverture-1024x1536.jpg",1024,1536,true],"2048x2048":["https:\/\/enseigner.unil.ch\/ressources\/wp-content\/uploads\/former-a-loral_couverture-1365x2048.jpg",1365,2048,true],"mailpoet_newsletter_max":["https:\/\/enseigner.unil.ch\/ressources\/wp-content\/uploads\/former-a-loral_couverture-1320x1980.jpg",1320,1980,true]},"uagb_author_info":{"display_name":"CSE","author_link":"https:\/\/enseigner.unil.ch\/ressources\/author\/cseunil-ch\/"},"uagb_comment_info":0,"uagb_excerpt":"Premier ouvrage scientifique francophone sur l'oral universitaire, cet ouvrage fournit des pistes de r\u00e9flexion et des outils p\u00e9dagogiques \u00e0 destination des \u00e9tudiant\u00b7es.","featured_img":"https:\/\/enseigner.unil.ch\/ressources\/wp-content\/uploads\/former-a-loral_couverture.jpg","coauthors":[],"author_meta":{"author_link":"https:\/\/enseigner.unil.ch\/ressources\/author\/cseunil-ch\/","display_name":"CSE"},"relative_dates":{"created":"Publi\u00e9 3 ans il y a","modified":"Mis \u00e0 jour 4 mois il y a"},"absolute_dates":{"created":"Publi\u00e9 le 12\/04\/2023","modified":"Mise \u00e0 jour le 05\/01\/2026"},"absolute_dates_time":{"created":"Publi\u00e9 le 12\/04\/2023 10:20 am","modified":"Mise \u00e0 jour le 05\/01\/2026 1:50 pm"},"featured_img_caption":"","tax_additional":{"thematiques":{"linked":[],"unlinked":[],"slug":"thematiques","name":"Types de thematiques"}},"series_order":"","_links":{"self":[{"href":"https:\/\/enseigner.unil.ch\/ressources\/wp-json\/wp\/v2\/cptouvrage\/7406","targetHints":{"allow":["GET"]}}],"collection":[{"href":"https:\/\/enseigner.unil.ch\/ressources\/wp-json\/wp\/v2\/cptouvrage"}],"about":[{"href":"https:\/\/enseigner.unil.ch\/ressources\/wp-json\/wp\/v2\/types\/cptouvrage"}],"author":[{"embeddable":true,"href":"https:\/\/enseigner.unil.ch\/ressources\/wp-json\/wp\/v2\/users\/5"}],"replies":[{"embeddable":true,"href":"https:\/\/enseigner.unil.ch\/ressources\/wp-json\/wp\/v2\/comments?post=7406"}],"version-history":[{"count":18,"href":"https:\/\/enseigner.unil.ch\/ressources\/wp-json\/wp\/v2\/cptouvrage\/7406\/revisions"}],"predecessor-version":[{"id":11814,"href":"https:\/\/enseigner.unil.ch\/ressources\/wp-json\/wp\/v2\/cptouvrage\/7406\/revisions\/11814"}],"wp:featuredmedia":[{"embeddable":true,"href":"https:\/\/enseigner.unil.ch\/ressources\/wp-json\/wp\/v2\/media\/7413"}],"wp:attachment":[{"href":"https:\/\/enseigner.unil.ch\/ressources\/wp-json\/wp\/v2\/media?parent=7406"}],"wp:term":[{"taxonomy":"thematiques","embeddable":true,"href":"https:\/\/enseigner.unil.ch\/ressources\/wp-json\/wp\/v2\/thematiques?post=7406"}],"curies":[{"name":"wp","href":"https:\/\/api.w.org\/{rel}","templated":true}]}}