{"id":9262,"date":"2025-04-11T13:39:15","date_gmt":"2025-04-11T11:39:15","guid":{"rendered":"https:\/\/enseigner.unil.ch\/ressources\/?post_type=cptouvrage&#038;p=9262"},"modified":"2026-01-05T13:10:21","modified_gmt":"2026-01-05T12:10:21","slug":"diversite-et-reussite-dans-lenseignement-superieur","status":"publish","type":"cptouvrage","link":"https:\/\/enseigner.unil.ch\/ressources\/ouvrage\/diversite-et-reussite-dans-lenseignement-superieur\/","title":{"rendered":"Diversit\u00e9 et r\u00e9ussite dans l\u2019enseignement sup\u00e9rieur"},"content":{"rendered":"\n<h4 class=\"wp-block-heading\">R\u00e9sum\u00e9<\/h4>\n\n\n\n<p>L\u2019enseignement sup\u00e9rieur \u00e9volue : l\u2019inclusion, l\u2019innovation p\u00e9dagogique et la r\u00e9ussite des \u00e9tudiantes et \u00e9tudiants sont au c\u0153ur des pr\u00e9occupations.<\/p>\n\n\n\n<p>Comment accompagner efficacement cette transformation ?<\/p>\n\n\n\n<p>Fruit d\u2019une collaboration entre la Haute \u00e9cole de travail social et de la sant\u00e9 Lausanne (HETSL), la Haute \u00e9cole de la sant\u00e9 La Source et l\u2019Universit\u00e9 de Lausanne (Unil), cet ouvrage pr\u00e9sente une perspective enrichissante sur les transformations en cours dans l\u2019enseignement sup\u00e9rieur, particuli\u00e8rement influenc\u00e9es par les enjeux d&rsquo;inclusion et de num\u00e9rique. Il propose des outils et des strat\u00e9gies adapt\u00e9es \u00e0 chaque actrice et acteur de l\u2019\u00e9ducation, notamment pour adapter l\u2019enseignement aux besoins vari\u00e9s des \u00e9tudiant\u00b7e\u00b7s, en particulier celles et ceux en situation de handicap.<\/p>\n\n\n\n<p>L\u2019ouvrage est structur\u00e9 en trois sections distinctes, s\u2019adressant respectivement \u00e0 la communaut\u00e9 \u00e9tudiante, enseignante et aux responsables institutionnels. Chaque section propose des t\u00e9moignages, des conseils pratiques et des outils pour construire un environnement acad\u00e9mique plus inclusif. Les recommandations reposent sur une \u00e9tude approfondie des donn\u00e9es collect\u00e9es aupr\u00e8s d&rsquo;\u00e9tudiant\u00b7e\u00b7s, d&rsquo;enseignant\u00b7e\u00b7s et de directions. Elles s\u2019inspirent du Processus de Production du Handicap (PPH) et de la Conception Universelle de l\u2019Apprentissage (CUA), qui visent \u00e0 promouvoir une p\u00e9dagogie plus souple et inclusive.<\/p>\n\n\n\n<h4 class=\"wp-block-heading\">Sources compl\u00e9mentaires<\/h4>\n\n\n\n<p>Ces articles pr\u00e9sentent une partie des donn\u00e9es de recherche qui ont servi de base \u00e0 la r\u00e9daction de cet ouvrage.<\/p>\n\n\n\n<ul class=\"wp-block-list\">\n<li><a href=\"https:\/\/ojs.szh.ch\/index.php\/revue\/article\/view\/1543\" target=\"_blank\" rel=\"noreferrer noopener\">Identifier et r\u00e9pondre aux d\u00e9fis des \u00e9tudiantes et \u00e9tudiants \u00e0 besoins \u00e9ducatifs particuliers<\/a><\/li>\n\n\n\n<li><a href=\"https:\/\/ojs.szh.ch\/index.php\/revue\/article\/view\/1567\" target=\"_blank\" rel=\"noreferrer noopener\">Explorer les perceptions, pratiques et besoins des enseignantes et enseignants en mati\u00e8re de p\u00e9dagogie inclusive<\/a><\/li>\n<\/ul>\n\n\n\n<h4 class=\"wp-block-heading\">Auteur\u00b7trice(s)<\/h4>\n\n\n\n<ul class=\"wp-block-list\">\n<li>Murielle Martin (HETSL | HES-SO)<\/li>\n\n\n\n<li>Nevena Dimitrova (HETSL | HES-SO)<\/li>\n\n\n\n<li>Sylvie Ray-Kaeser (HETSL | HES-SO)<\/li>\n\n\n\n<li>Lisa Langwieser (HEdS La Source | HES-SO)<\/li>\n\n\n\n<li>Sophie Serry (Unil)<\/li>\n\n\n\n<li>Souhir Chamam (HETSL | HES-SO)<\/li>\n\n\n\n<li>Alexia Forcella (HETSL | HES-SO)<\/li>\n<\/ul>\n\n\n\n<h4 class=\"wp-block-heading\">Maison d&rsquo;\u00e9dition<\/h4>\n\n\n\n<p>Centre HES-SO de d\u00e9veloppement professionnel (DevPro)<\/p>\n\n\n\n<h4 class=\"wp-block-heading\" id=\"reference\">Commande et fiche de l&rsquo;ouvrage<\/h4>\n\n\n\n<p>sur <a href=\"https:\/\/www.hetsl.ch\/organisation\/egalite-et-diversite\/apprentissages-et-diversite\" target=\"_blank\" rel=\"noreferrer noopener\">le site de l\u2019\u00e9diteur<\/a><br>ISBN : 978-2-9701413-3-4<\/p>\n\n\n\n<p>La version num\u00e9rique de l\u2019ouvrage peut \u00eatre t\u00e9l\u00e9charg\u00e9e gratuitement sur le site de l\u2019\u00e9diteur.<\/p>\n\n\n\n<p class=\"has-fond-rose-background-color has-background\">Cet ouvrage peut \u00eatre emprunt\u00e9 \u00e0 la <a href=\"https:\/\/cloud7.bibliomaker.ch:28130\/\" target=\"_blank\" rel=\"noreferrer noopener\">biblioth\u00e8que du CSE<\/a>.<\/p>\n\n\n\n<div style=\"height:100px\" aria-hidden=\"true\" class=\"wp-block-spacer\"><\/div>\n","protected":false},"excerpt":{"rendered":"<p>Un guide pratique sur l\u2019inclusion, l\u2019innovation p\u00e9dagogique et la r\u00e9ussite des \u00e9tudiantes et \u00e9tudiants dans l&rsquo;enseignement sup\u00e9rieur.<\/p>\n","protected":false},"author":5,"featured_media":9263,"parent":0,"comment_status":"open","ping_status":"open","template":"","format":"standard","meta":{"_uag_custom_page_level_css":"","advgb_blocks_editor_width":"","advgb_blocks_columns_visual_guide":"","footnotes":""},"thematiques":[255],"class_list":["post-9262","cptouvrage","type-cptouvrage","status-publish","format-standard","has-post-thumbnail","hentry","thematiques-inclusion"],"uagb_featured_image_src":{"full":["https:\/\/enseigner.unil.ch\/ressources\/wp-content\/uploads\/livre-diversite_couverture.png",1398,2004,false],"thumbnail":["https:\/\/enseigner.unil.ch\/ressources\/wp-content\/uploads\/livre-diversite_couverture-150x150.png",150,150,true],"medium":["https:\/\/enseigner.unil.ch\/ressources\/wp-content\/uploads\/livre-diversite_couverture-209x300.png",209,300,true],"medium_large":["https:\/\/enseigner.unil.ch\/ressources\/wp-content\/uploads\/livre-diversite_couverture-768x1101.png",768,1101,true],"large":["https:\/\/enseigner.unil.ch\/ressources\/wp-content\/uploads\/livre-diversite_couverture-714x1024.png",714,1024,true],"1536x1536":["https:\/\/enseigner.unil.ch\/ressources\/wp-content\/uploads\/livre-diversite_couverture-1072x1536.png",1072,1536,true],"2048x2048":["https:\/\/enseigner.unil.ch\/ressources\/wp-content\/uploads\/livre-diversite_couverture.png",1398,2004,false],"mailpoet_newsletter_max":["https:\/\/enseigner.unil.ch\/ressources\/wp-content\/uploads\/livre-diversite_couverture-1320x1892.png",1320,1892,true]},"uagb_author_info":{"display_name":"CSE","author_link":"https:\/\/enseigner.unil.ch\/ressources\/author\/cseunil-ch\/"},"uagb_comment_info":0,"uagb_excerpt":"Un guide pratique sur l\u2019inclusion, l\u2019innovation p\u00e9dagogique et la r\u00e9ussite des \u00e9tudiantes et \u00e9tudiants dans l'enseignement sup\u00e9rieur.","featured_img":"https:\/\/enseigner.unil.ch\/ressources\/wp-content\/uploads\/livre-diversite_couverture.png","coauthors":[],"author_meta":{"author_link":"https:\/\/enseigner.unil.ch\/ressources\/author\/cseunil-ch\/","display_name":"CSE"},"relative_dates":{"created":"Publi\u00e9 1 an il y a","modified":"Mis \u00e0 jour 4 mois il y a"},"absolute_dates":{"created":"Publi\u00e9 le 11\/04\/2025","modified":"Mise \u00e0 jour le 05\/01\/2026"},"absolute_dates_time":{"created":"Publi\u00e9 le 11\/04\/2025 1:39 pm","modified":"Mise \u00e0 jour le 05\/01\/2026 1:10 pm"},"featured_img_caption":"","tax_additional":{"thematiques":{"linked":["<a href=\"https:\/\/enseigner.unil.ch\/ressources\/thematiques\/inclusion\/\" class=\"advgb-post-tax-term\">Inclusion et diversit\u00e9<\/a>"],"unlinked":["<span class=\"advgb-post-tax-term\">Inclusion et diversit\u00e9<\/span>"],"slug":"thematiques","name":"Types de thematiques"}},"series_order":"","_links":{"self":[{"href":"https:\/\/enseigner.unil.ch\/ressources\/wp-json\/wp\/v2\/cptouvrage\/9262","targetHints":{"allow":["GET"]}}],"collection":[{"href":"https:\/\/enseigner.unil.ch\/ressources\/wp-json\/wp\/v2\/cptouvrage"}],"about":[{"href":"https:\/\/enseigner.unil.ch\/ressources\/wp-json\/wp\/v2\/types\/cptouvrage"}],"author":[{"embeddable":true,"href":"https:\/\/enseigner.unil.ch\/ressources\/wp-json\/wp\/v2\/users\/5"}],"replies":[{"embeddable":true,"href":"https:\/\/enseigner.unil.ch\/ressources\/wp-json\/wp\/v2\/comments?post=9262"}],"version-history":[{"count":25,"href":"https:\/\/enseigner.unil.ch\/ressources\/wp-json\/wp\/v2\/cptouvrage\/9262\/revisions"}],"predecessor-version":[{"id":11761,"href":"https:\/\/enseigner.unil.ch\/ressources\/wp-json\/wp\/v2\/cptouvrage\/9262\/revisions\/11761"}],"wp:featuredmedia":[{"embeddable":true,"href":"https:\/\/enseigner.unil.ch\/ressources\/wp-json\/wp\/v2\/media\/9263"}],"wp:attachment":[{"href":"https:\/\/enseigner.unil.ch\/ressources\/wp-json\/wp\/v2\/media?parent=9262"}],"wp:term":[{"taxonomy":"thematiques","embeddable":true,"href":"https:\/\/enseigner.unil.ch\/ressources\/wp-json\/wp\/v2\/thematiques?post=9262"}],"curies":[{"name":"wp","href":"https:\/\/api.w.org\/{rel}","templated":true}]}}