{"id":9851,"date":"2025-06-10T16:13:08","date_gmt":"2025-06-10T14:13:08","guid":{"rendered":"https:\/\/enseigner.unil.ch\/ressources\/?post_type=cptouvrage&#038;p=9851"},"modified":"2026-01-05T13:45:51","modified_gmt":"2026-01-05T12:45:51","slug":"faire-collaborer-la-population-etudiante-dans-sa-diversite","status":"publish","type":"cptouvrage","link":"https:\/\/enseigner.unil.ch\/ressources\/ouvrage\/faire-collaborer-la-population-etudiante-dans-sa-diversite\/","title":{"rendered":"Faire collaborer la population \u00e9tudiante dans sa diversit\u00e9"},"content":{"rendered":"\n<h4 class=\"wp-block-heading\">R\u00e9sum\u00e9<\/h4>\n\n\n\n<p>Le travail collaboratif est un pilier parfois sous-estim\u00e9 de l\u2019enseignement sup\u00e9rieur. Son int\u00e9gration efficace pose un v\u00e9ritable d\u00e9fi\u00a0: comment favoriser la participation de toutes les \u00e9tudiantes et tous les \u00e9tudiants, quelles que soient leurs origines et leurs exp\u00e9riences, dans des dispositifs p\u00e9dagogiques inclusifs\u00a0? S\u2019appuyant sur les principes de la conception universelle de l\u2019apprentissage, cet ouvrage collectif propose des approches concr\u00e8tes pour adapter les pratiques p\u00e9dagogiques et assurer la r\u00e9ussite de chacun\u00b7e. \u00c0 travers des r\u00e9flexions m\u00e9thodiques et des \u00e9tudes de cas, il pr\u00e9sente des solutions et des strat\u00e9gies pour optimiser la dynamique collaborative en milieu universitaire afin que chacun\u00b7e sorte gagnant\u00b7e de l\u2019exp\u00e9rience.<br><br>Ce livre est un guide indispensable pour les enseignant\u00b7es, responsables p\u00e9dagogiques, chercheur\u00b7ses et \u00e9tudiant\u00b7es en formation qui souhaitent repenser leurs m\u00e9thodes et encourager une p\u00e9dagogie plus op\u00e9rante et \u00e9quitable.<\/p>\n\n\n\n<h4 class=\"wp-block-heading\">Directeur\u00b7trice(s) d&rsquo;ouvrage<\/h4>\n\n\n<div class=\"unil-auteurouvrage\">Emmanuel Sylvestre, Christelle Lison<\/div>\n\n\n\n<h4 class=\"wp-block-heading\">Maison d&rsquo;\u00e9dition<\/h4>\n\n\n\n<p>\u00c9pist\u00e9m\u00e9<\/p>\n\n\n\n<h4 class=\"wp-block-heading\" id=\"reference\">Commande et fiche de l&rsquo;ouvrage<\/h4>\n\n\n\n<p>sur le <a href=\"https:\/\/www.editionsepisteme.org\/produit\/37\/9782889156054\/faire-collaborer-la-population-etudiante-dans-sa-diversite\" target=\"_blank\" rel=\"noreferrer noopener\">site de l\u2019\u00e9diteur<\/a><\/p>\n\n\n\n<p>La version num\u00e9rique de l\u2019ouvrage peut \u00eatre t\u00e9l\u00e9charg\u00e9e gratuitement sur le site de l\u2019\u00e9diteur gr\u00e2ce au Fonds Open Access de l&rsquo;Universit\u00e9 de Lausanne.<\/p>\n\n\n\n<p class=\"has-fond-rose-background-color has-background\">Cet ouvrage peut \u00eatre emprunt\u00e9 \u00e0 la <a href=\"https:\/\/cloud7.bibliomaker.ch:28130\/\" target=\"_blank\" rel=\"noreferrer noopener\">biblioth\u00e8que du CSE<\/a>.<\/p>\n\n\n\n<div style=\"height:100px\" aria-hidden=\"true\" class=\"wp-block-spacer\"><\/div>\n","protected":false},"excerpt":{"rendered":"<p>Cet ouvrage rassemble six exemples concrets et inclusifs pour optimiser la dynamique collaborative en milieu universitaire.<\/p>\n","protected":false},"author":5,"featured_media":9775,"parent":0,"comment_status":"open","ping_status":"open","template":"","format":"standard","meta":{"_uag_custom_page_level_css":"","advgb_blocks_editor_width":"","advgb_blocks_columns_visual_guide":"","footnotes":""},"thematiques":[255,265],"class_list":["post-9851","cptouvrage","type-cptouvrage","status-publish","format-standard","has-post-thumbnail","hentry","thematiques-inclusion","thematiques-groupe"],"uagb_featured_image_src":{"full":["https:\/\/enseigner.unil.ch\/ressources\/wp-content\/uploads\/pep2_couverture.png",1146,1668,false],"thumbnail":["https:\/\/enseigner.unil.ch\/ressources\/wp-content\/uploads\/pep2_couverture-150x150.png",150,150,true],"medium":["https:\/\/enseigner.unil.ch\/ressources\/wp-content\/uploads\/pep2_couverture-206x300.png",206,300,true],"medium_large":["https:\/\/enseigner.unil.ch\/ressources\/wp-content\/uploads\/pep2_couverture-768x1118.png",768,1118,true],"large":["https:\/\/enseigner.unil.ch\/ressources\/wp-content\/uploads\/pep2_couverture-704x1024.png",704,1024,true],"1536x1536":["https:\/\/enseigner.unil.ch\/ressources\/wp-content\/uploads\/pep2_couverture-1055x1536.png",1055,1536,true],"2048x2048":["https:\/\/enseigner.unil.ch\/ressources\/wp-content\/uploads\/pep2_couverture.png",1146,1668,false],"mailpoet_newsletter_max":["https:\/\/enseigner.unil.ch\/ressources\/wp-content\/uploads\/pep2_couverture.png",1146,1668,false]},"uagb_author_info":{"display_name":"CSE","author_link":"https:\/\/enseigner.unil.ch\/ressources\/author\/cseunil-ch\/"},"uagb_comment_info":0,"uagb_excerpt":"Cet ouvrage rassemble six exemples concrets et inclusifs pour optimiser la dynamique collaborative en milieu universitaire.","featured_img":"https:\/\/enseigner.unil.ch\/ressources\/wp-content\/uploads\/pep2_couverture.png","coauthors":[],"author_meta":{"author_link":"https:\/\/enseigner.unil.ch\/ressources\/author\/cseunil-ch\/","display_name":"CSE"},"relative_dates":{"created":"Publi\u00e9 11 mois il y a","modified":"Mis \u00e0 jour 4 mois il y a"},"absolute_dates":{"created":"Publi\u00e9 le 10\/06\/2025","modified":"Mise \u00e0 jour le 05\/01\/2026"},"absolute_dates_time":{"created":"Publi\u00e9 le 10\/06\/2025 4:13 pm","modified":"Mise \u00e0 jour le 05\/01\/2026 1:45 pm"},"featured_img_caption":"","tax_additional":{"thematiques":{"linked":["<a href=\"https:\/\/enseigner.unil.ch\/ressources\/thematiques\/inclusion\/\" class=\"advgb-post-tax-term\">Inclusion et diversit\u00e9<\/a>","<a href=\"https:\/\/enseigner.unil.ch\/ressources\/thematiques\/groupe\/\" class=\"advgb-post-tax-term\">Travail en groupe<\/a>"],"unlinked":["<span class=\"advgb-post-tax-term\">Inclusion et diversit\u00e9<\/span>","<span class=\"advgb-post-tax-term\">Travail en groupe<\/span>"],"slug":"thematiques","name":"Types de thematiques"}},"series_order":"","_links":{"self":[{"href":"https:\/\/enseigner.unil.ch\/ressources\/wp-json\/wp\/v2\/cptouvrage\/9851","targetHints":{"allow":["GET"]}}],"collection":[{"href":"https:\/\/enseigner.unil.ch\/ressources\/wp-json\/wp\/v2\/cptouvrage"}],"about":[{"href":"https:\/\/enseigner.unil.ch\/ressources\/wp-json\/wp\/v2\/types\/cptouvrage"}],"author":[{"embeddable":true,"href":"https:\/\/enseigner.unil.ch\/ressources\/wp-json\/wp\/v2\/users\/5"}],"replies":[{"embeddable":true,"href":"https:\/\/enseigner.unil.ch\/ressources\/wp-json\/wp\/v2\/comments?post=9851"}],"version-history":[{"count":13,"href":"https:\/\/enseigner.unil.ch\/ressources\/wp-json\/wp\/v2\/cptouvrage\/9851\/revisions"}],"predecessor-version":[{"id":11810,"href":"https:\/\/enseigner.unil.ch\/ressources\/wp-json\/wp\/v2\/cptouvrage\/9851\/revisions\/11810"}],"wp:featuredmedia":[{"embeddable":true,"href":"https:\/\/enseigner.unil.ch\/ressources\/wp-json\/wp\/v2\/media\/9775"}],"wp:attachment":[{"href":"https:\/\/enseigner.unil.ch\/ressources\/wp-json\/wp\/v2\/media?parent=9851"}],"wp:term":[{"taxonomy":"thematiques","embeddable":true,"href":"https:\/\/enseigner.unil.ch\/ressources\/wp-json\/wp\/v2\/thematiques?post=9851"}],"curies":[{"name":"wp","href":"https:\/\/api.w.org\/{rel}","templated":true}]}}